{"id":547,"date":"2017-11-27T19:24:33","date_gmt":"2017-11-28T00:24:33","guid":{"rendered":"http:\/\/noti-america.com\/site\/us-tx\/?page_id=547"},"modified":"2024-11-10T10:28:40","modified_gmt":"2024-11-10T15:28:40","slug":"portal-2-0","status":"publish","type":"page","link":"https:\/\/noti-america.com\/site\/texas\/","title":{"rendered":"Texas | USA | Noti-America.com"},"content":{"rendered":"<div id=\"pl-547\"  class=\"panel-layout\" ><div id=\"pg-547-0\"  class=\"panel-grid panel-no-style\" ><div id=\"pgc-547-0-0\"  class=\"panel-grid-cell\" ><div id=\"panel-547-0-0-0\" class=\"so-panel widget widget_execphp panel-first-child\" data-index=\"0\" >\t\t\t<div class=\"execphpwidget\">\t\t<div class=\"wppsac-wrap wppsac-slick-slider-wrp wppsac-clearfix \" data-conf=\"{&quot;dots&quot;:&quot;true&quot;,&quot;arrows&quot;:&quot;true&quot;,&quot;autoplay&quot;:&quot;true&quot;,&quot;autoplay_interval&quot;:3000,&quot;speed&quot;:&quot;1500&quot;,&quot;rtl&quot;:&quot;false&quot;,&quot;lazyload&quot;:&quot;&quot;}\">\r\n\t\t\t<div id=\"wppsac-post-slider-1\" class=\"wppsac-post-slider-init wppsac-post-slider design-3\">\r\n\t\t\t\t<div class=\"wppsac-post-slides\">\r\n\t<div class=\"wppsac-post-overlay\">\r\n\t\t<div class=\"wppsac-post-image-bg\">\r\n\t\t\t<a href=\"https:\/\/noti-america.com\/site\/texas\/2026\/04\/26\/a-pesar-de-la-retorica-politica-estados-unidos-necesita-trabajadores-oportunidades-legal-por-yanet-munoz\/\">\r\n\t\t\t\t\t\t\t\t<img decoding=\"async\" class=\"wppsac-post-image\"  src=\"https:\/\/noti-america.com\/site\/texas\/wp-content\/uploads\/sites\/4\/2022\/12\/yaneth-munoz3.jpg\" alt=\"A Pesar de la Ret\u00f3rica Pol\u00edtica, Estados Unidos Necesita Trabajadores: Oportunidades Legal  Por: Yanet Mu\u00f1oz\" \/>\r\n\t\t\t\t\t\t\t<\/a>\r\n\t\t<\/div>\r\n\r\n\t\t\t\t<div class=\"wppsac-post-categories\"><ul class=\"wppsac-post-categories-list\"><li><a href=\"https:\/\/noti-america.com\/site\/texas\/category\/articulo\/\">Articulo<\/a><\/li><li><a href=\"https:\/\/noti-america.com\/site\/texas\/category\/migracion\/\">Migraci\u00f3n<\/a><\/li><\/ul><\/div>\r\n\t\t\r\n\t\t<div class=\"wppsac-post-short-content\">\r\n\t\t\t<div class=\"wppsac-item-meta bottom\">\r\n\t\t\t  \t<h2 class=\"wppsac-post-title\">\r\n\t\t\t\t\t<a href=\"https:\/\/noti-america.com\/site\/texas\/2026\/04\/26\/a-pesar-de-la-retorica-politica-estados-unidos-necesita-trabajadores-oportunidades-legal-por-yanet-munoz\/\">A Pesar de la Ret\u00f3rica Pol\u00edtica, Estados Unidos Necesita Trabajadores: Oportunidades Legal  Por: Yanet Mu\u00f1oz<\/a>\r\n\t\t\t\t<\/h2>\r\n\r\n\t\t\t\t\t\t\t\t<div class=\"wppsac-post-date\">\r\n\t\t\t\t\t \r\n\t\t\t\t\t<span>By rloaiza<\/span>\r\n\t\t\t\t\t \/ abril 26, 2026\t\t\t\t<\/div>\r\n\t\t\t\t\t\t\t\t<div class=\"wppsac-post-content\">\r\n\t\t\t\t\t<div class=\"wppsac-sub-content\">NOTI-AMERICA.COM A Pesar de la Ret\u00f3rica Pol\u00edtica, Estados Unidos Necesita Trabajadores: Oportunidades Legal Por: Yanet Mu\u00f1oz Mag\u00edster en Leyes (EE.UU.)...<\/div>\r\n\r\n\t\t\t\t\t\t\t\t\t\t<a class=\"wppsac-readmorebtn\" href=\"https:\/\/noti-america.com\/site\/texas\/2026\/04\/26\/a-pesar-de-la-retorica-politica-estados-unidos-necesita-trabajadores-oportunidades-legal-por-yanet-munoz\/\">Read More<\/a>\r\n\t\t\t\t\t\t\t\t\t<\/div>\r\n\t\t\t\t\t\t\t<\/div>\r\n\t\t<\/div>\r\n\t<\/div>\r\n<\/div><div class=\"wppsac-post-slides\">\r\n\t<div class=\"wppsac-post-overlay\">\r\n\t\t<div class=\"wppsac-post-image-bg\">\r\n\t\t\t<a href=\"https:\/\/noti-america.com\/site\/texas\/2026\/04\/26\/dice-alianza-nacional-tpstepesianos-deben-participar-en-campanas-ante-peligro-de-eliminacion-de-proteccion-temporal-2\/\">\r\n\t\t\t\t\t\t\t\t<img decoding=\"async\" class=\"wppsac-post-image\"  src=\"https:\/\/noti-america.com\/site\/texas\/wp-content\/uploads\/sites\/4\/2026\/04\/FotoCollage_2026426125745411.jpg\" alt=\"Dice: Alianza Nacional TPS:\u00bbTepesianos deben participar en campa\u00f1as, ante peligro de eliminaci\u00f3n de protecci\u00f3n temporal\u00bb.\" \/>\r\n\t\t\t\t\t\t\t<\/a>\r\n\t\t<\/div>\r\n\r\n\t\t\t\t<div class=\"wppsac-post-categories\"><ul class=\"wppsac-post-categories-list\"><li><a href=\"https:\/\/noti-america.com\/site\/texas\/category\/eeuu\/\">EEUU<\/a><\/li><li><a href=\"https:\/\/noti-america.com\/site\/texas\/category\/inmigrantes\/\">inmigrantes<\/a><\/li><li><a href=\"https:\/\/noti-america.com\/site\/texas\/category\/migracion\/\">Migraci\u00f3n<\/a><\/li><li><a href=\"https:\/\/noti-america.com\/site\/texas\/category\/venezuela\/\">Venezuela<\/a><\/li><\/ul><\/div>\r\n\t\t\r\n\t\t<div class=\"wppsac-post-short-content\">\r\n\t\t\t<div class=\"wppsac-item-meta bottom\">\r\n\t\t\t  \t<h2 class=\"wppsac-post-title\">\r\n\t\t\t\t\t<a href=\"https:\/\/noti-america.com\/site\/texas\/2026\/04\/26\/dice-alianza-nacional-tpstepesianos-deben-participar-en-campanas-ante-peligro-de-eliminacion-de-proteccion-temporal-2\/\">Dice: Alianza Nacional TPS:\u00bbTepesianos deben participar en campa\u00f1as, ante peligro de eliminaci\u00f3n de protecci\u00f3n temporal\u00bb.<\/a>\r\n\t\t\t\t<\/h2>\r\n\r\n\t\t\t\t\t\t\t\t<div class=\"wppsac-post-date\">\r\n\t\t\t\t\t \r\n\t\t\t\t\t<span>By Ana Barcenas<\/span>\r\n\t\t\t\t\t \/ abril 26, 2026\t\t\t\t<\/div>\r\n\t\t\t\t\t\t\t\t<div class=\"wppsac-post-content\">\r\n\t\t\t\t\t<div class=\"wppsac-sub-content\">Millones de inmigrantes con TPS (incluyendo miles de venezolanos)pueden quedarse sin protecci\u00f3n migratoria TPS. Jose Palma, coordinador nacional TPS de...<\/div>\r\n\r\n\t\t\t\t\t\t\t\t\t\t<a class=\"wppsac-readmorebtn\" href=\"https:\/\/noti-america.com\/site\/texas\/2026\/04\/26\/dice-alianza-nacional-tpstepesianos-deben-participar-en-campanas-ante-peligro-de-eliminacion-de-proteccion-temporal-2\/\">Read More<\/a>\r\n\t\t\t\t\t\t\t\t\t<\/div>\r\n\t\t\t\t\t\t\t<\/div>\r\n\t\t<\/div>\r\n\t<\/div>\r\n<\/div><div class=\"wppsac-post-slides\">\r\n\t<div class=\"wppsac-post-overlay\">\r\n\t\t<div class=\"wppsac-post-image-bg\">\r\n\t\t\t<a href=\"https:\/\/noti-america.com\/site\/texas\/2026\/04\/26\/dice-alianza-nacional-tpstepesianos-deben-participar-en-campanas-ante-peligro-de-eliminacion-de-proteccion-temporal\/\">\r\n\t\t\t\t\t\t\t\t<img decoding=\"async\" class=\"wppsac-post-image\"  src=\"https:\/\/noti-america.com\/site\/texas\/wp-content\/uploads\/sites\/4\/2026\/04\/FotoCollage_2026426125745411.jpg\" alt=\"Dice: Alianza Nacional TPS:\u00bbTepesianos deben participar en campa\u00f1as, ante peligro de eliminaci\u00f3n de protecci\u00f3n temporal\u00bb.\" \/>\r\n\t\t\t\t\t\t\t<\/a>\r\n\t\t<\/div>\r\n\r\n\t\t\t\t<div class=\"wppsac-post-categories\"><ul class=\"wppsac-post-categories-list\"><li><a href=\"https:\/\/noti-america.com\/site\/texas\/category\/eeuu\/\">EEUU<\/a><\/li><li><a href=\"https:\/\/noti-america.com\/site\/texas\/category\/inmigrantes\/\">inmigrantes<\/a><\/li><li><a href=\"https:\/\/noti-america.com\/site\/texas\/category\/migracion\/\">Migraci\u00f3n<\/a><\/li><li><a href=\"https:\/\/noti-america.com\/site\/texas\/category\/venezuela\/\">Venezuela<\/a><\/li><\/ul><\/div>\r\n\t\t\r\n\t\t<div class=\"wppsac-post-short-content\">\r\n\t\t\t<div class=\"wppsac-item-meta bottom\">\r\n\t\t\t  \t<h2 class=\"wppsac-post-title\">\r\n\t\t\t\t\t<a href=\"https:\/\/noti-america.com\/site\/texas\/2026\/04\/26\/dice-alianza-nacional-tpstepesianos-deben-participar-en-campanas-ante-peligro-de-eliminacion-de-proteccion-temporal\/\">Dice: Alianza Nacional TPS:\u00bbTepesianos deben participar en campa\u00f1as, ante peligro de eliminaci\u00f3n de protecci\u00f3n temporal\u00bb.<\/a>\r\n\t\t\t\t<\/h2>\r\n\r\n\t\t\t\t\t\t\t\t<div class=\"wppsac-post-date\">\r\n\t\t\t\t\t \r\n\t\t\t\t\t<span>By Ana Barcenas<\/span>\r\n\t\t\t\t\t \/ abril 26, 2026\t\t\t\t<\/div>\r\n\t\t\t\t\t\t\t\t<div class=\"wppsac-post-content\">\r\n\t\t\t\t\t<div class=\"wppsac-sub-content\">Millones de inmigrantes con TPS (incluyendo miles de venezolanos)pueden quedarse sin protecci\u00f3n migratoria TPS. Jose Palma, coordinador nacional TPS de...<\/div>\r\n\r\n\t\t\t\t\t\t\t\t\t\t<a class=\"wppsac-readmorebtn\" href=\"https:\/\/noti-america.com\/site\/texas\/2026\/04\/26\/dice-alianza-nacional-tpstepesianos-deben-participar-en-campanas-ante-peligro-de-eliminacion-de-proteccion-temporal\/\">Read More<\/a>\r\n\t\t\t\t\t\t\t\t\t<\/div>\r\n\t\t\t\t\t\t\t<\/div>\r\n\t\t<\/div>\r\n\t<\/div>\r\n<\/div><div class=\"wppsac-post-slides\">\r\n\t<div class=\"wppsac-post-overlay\">\r\n\t\t<div class=\"wppsac-post-image-bg\">\r\n\t\t\t<a href=\"https:\/\/noti-america.com\/site\/texas\/2026\/04\/21\/87058-2\/\">\r\n\t\t\t\t\t\t\t\t<img decoding=\"async\" class=\"wppsac-post-image\"  src=\"https:\/\/noti-america.com\/site\/texas\/wp-content\/uploads\/sites\/4\/2026\/04\/VENEZUELA-SHEYENE-GERARDI.png\" alt=\"SHEYENE GERARDI, DE LA PANTALLA AL IMPERIO MINERO: LA MAGNATE QUE REVOLUCIONA EL ESTADO BOL\u00cdVAR\" \/>\r\n\t\t\t\t\t\t\t<\/a>\r\n\t\t<\/div>\r\n\r\n\t\t\t\t<div class=\"wppsac-post-categories\"><ul class=\"wppsac-post-categories-list\"><li><a href=\"https:\/\/noti-america.com\/site\/texas\/category\/economia\/\">Econom\u00eda<\/a><\/li><li><a href=\"https:\/\/noti-america.com\/site\/texas\/category\/finanzas\/\">Finanzas<\/a><\/li><\/ul><\/div>\r\n\t\t\r\n\t\t<div class=\"wppsac-post-short-content\">\r\n\t\t\t<div class=\"wppsac-item-meta bottom\">\r\n\t\t\t  \t<h2 class=\"wppsac-post-title\">\r\n\t\t\t\t\t<a href=\"https:\/\/noti-america.com\/site\/texas\/2026\/04\/21\/87058-2\/\">SHEYENE GERARDI, DE LA PANTALLA AL IMPERIO MINERO: LA MAGNATE QUE REVOLUCIONA EL ESTADO BOL\u00cdVAR<\/a>\r\n\t\t\t\t<\/h2>\r\n\r\n\t\t\t\t\t\t\t\t<div class=\"wppsac-post-date\">\r\n\t\t\t\t\t \r\n\t\t\t\t\t<span>By rloaiza<\/span>\r\n\t\t\t\t\t \/ abril 21, 2026\t\t\t\t<\/div>\r\n\t\t\t\t\t\t\t\t<div class=\"wppsac-post-content\">\r\n\t\t\t\t\t<div class=\"wppsac-sub-content\">NOTI-AMERICA.COM | VENEZUELA SHEYENE GERARDI, DE LA PANTALLA AL IMPERIO MINERO: LA MAGNATE QUE REVOLUCIONA EL ESTADO BOL\u00cdVAR La industria...<\/div>\r\n\r\n\t\t\t\t\t\t\t\t\t\t<a class=\"wppsac-readmorebtn\" href=\"https:\/\/noti-america.com\/site\/texas\/2026\/04\/21\/87058-2\/\">Read More<\/a>\r\n\t\t\t\t\t\t\t\t\t<\/div>\r\n\t\t\t\t\t\t\t<\/div>\r\n\t\t<\/div>\r\n\t<\/div>\r\n<\/div><div class=\"wppsac-post-slides\">\r\n\t<div class=\"wppsac-post-overlay\">\r\n\t\t<div class=\"wppsac-post-image-bg\">\r\n\t\t\t<a href=\"https:\/\/noti-america.com\/site\/texas\/2026\/04\/21\/87058\/\">\r\n\t\t\t\t\t\t\t\t<img decoding=\"async\" class=\"wppsac-post-image\"  src=\"https:\/\/noti-america.com\/site\/texas\/wp-content\/uploads\/sites\/4\/2026\/04\/VENEZUELA-SHEYENE-GERARDI.png\" alt=\"\" \/>\r\n\t\t\t\t\t\t\t<\/a>\r\n\t\t<\/div>\r\n\r\n\t\t\t\t<div class=\"wppsac-post-categories\"><ul class=\"wppsac-post-categories-list\"><li><a href=\"https:\/\/noti-america.com\/site\/texas\/category\/economia\/\">Econom\u00eda<\/a><\/li><li><a href=\"https:\/\/noti-america.com\/site\/texas\/category\/finanzas\/\">Finanzas<\/a><\/li><\/ul><\/div>\r\n\t\t\r\n\t\t<div class=\"wppsac-post-short-content\">\r\n\t\t\t<div class=\"wppsac-item-meta bottom\">\r\n\t\t\t  \t<h2 class=\"wppsac-post-title\">\r\n\t\t\t\t\t<a href=\"https:\/\/noti-america.com\/site\/texas\/2026\/04\/21\/87058\/\"><\/a>\r\n\t\t\t\t<\/h2>\r\n\r\n\t\t\t\t\t\t\t\t<div class=\"wppsac-post-date\">\r\n\t\t\t\t\t \r\n\t\t\t\t\t<span>By rloaiza<\/span>\r\n\t\t\t\t\t \/ abril 21, 2026\t\t\t\t<\/div>\r\n\t\t\t\t\t\t\t\t<div class=\"wppsac-post-content\">\r\n\t\t\t\t\t<div class=\"wppsac-sub-content\">NOTI-AMERICA.COM | VENEZUELA SHEYENE GERARDI, DE LA PANTALLA AL IMPERIO MINERO: LA MAGNATE QUE REVOLUCIONA EL ESTADO BOL\u00cdVAR La industria...<\/div>\r\n\r\n\t\t\t\t\t\t\t\t\t\t<a class=\"wppsac-readmorebtn\" href=\"https:\/\/noti-america.com\/site\/texas\/2026\/04\/21\/87058\/\">Read More<\/a>\r\n\t\t\t\t\t\t\t\t\t<\/div>\r\n\t\t\t\t\t\t\t<\/div>\r\n\t\t<\/div>\r\n\t<\/div>\r\n<\/div><div class=\"wppsac-post-slides\">\r\n\t<div class=\"wppsac-post-overlay\">\r\n\t\t<div class=\"wppsac-post-image-bg\">\r\n\t\t\t<a href=\"https:\/\/noti-america.com\/site\/texas\/2026\/04\/19\/comite-local-tps-katy-houston-y-la-alianza-nacional-de-tps-daran-detalles-de-impacto-en-la-comunidad-tps-ante-venidera-audiencia-de-haiti-y-siria-en-corte-suprema-2\/\">\r\n\t\t\t\t\t\t\t\t<img decoding=\"async\" class=\"wppsac-post-image\"  src=\"https:\/\/noti-america.com\/site\/texas\/wp-content\/uploads\/sites\/4\/2026\/04\/images.jpeg\" alt=\"Comit\u00e9 Local TPS Katy-Houston y la Alianza Nacional  de TPS dar\u00e1n detalles de impacto en la comunidad TPS ante venidera audiencia de Hait\u00ed y Siria en Corte Suprema\" \/>\r\n\t\t\t\t\t\t\t<\/a>\r\n\t\t<\/div>\r\n\r\n\t\t\t\t<div class=\"wppsac-post-categories\"><ul class=\"wppsac-post-categories-list\"><li><a href=\"https:\/\/noti-america.com\/site\/texas\/category\/eeuu\/\">EEUU<\/a><\/li><li><a href=\"https:\/\/noti-america.com\/site\/texas\/category\/migracion\/\">Migraci\u00f3n<\/a><\/li><li><a href=\"https:\/\/noti-america.com\/site\/texas\/category\/venezuela\/\">Venezuela<\/a><\/li><\/ul><\/div>\r\n\t\t\r\n\t\t<div class=\"wppsac-post-short-content\">\r\n\t\t\t<div class=\"wppsac-item-meta bottom\">\r\n\t\t\t  \t<h2 class=\"wppsac-post-title\">\r\n\t\t\t\t\t<a href=\"https:\/\/noti-america.com\/site\/texas\/2026\/04\/19\/comite-local-tps-katy-houston-y-la-alianza-nacional-de-tps-daran-detalles-de-impacto-en-la-comunidad-tps-ante-venidera-audiencia-de-haiti-y-siria-en-corte-suprema-2\/\">Comit\u00e9 Local TPS Katy-Houston y la Alianza Nacional  de TPS dar\u00e1n detalles de impacto en la comunidad TPS ante venidera audiencia de Hait\u00ed y Siria en Corte Suprema<\/a>\r\n\t\t\t\t<\/h2>\r\n\r\n\t\t\t\t\t\t\t\t<div class=\"wppsac-post-date\">\r\n\t\t\t\t\t \r\n\t\t\t\t\t<span>By Ana Barcenas<\/span>\r\n\t\t\t\t\t \/ abril 19, 2026\t\t\t\t<\/div>\r\n\t\t\t\t\t\t\t\t<div class=\"wppsac-post-content\">\r\n\t\t\t\t\t<div class=\"wppsac-sub-content\">&nbsp; &nbsp; Este mi\u00e9rcoles 22 de Abril del a\u00f1o en curso el Comit\u00e9 Local TPS Katy-Houston y la Alianza Nacional...<\/div>\r\n\r\n\t\t\t\t\t\t\t\t\t\t<a class=\"wppsac-readmorebtn\" href=\"https:\/\/noti-america.com\/site\/texas\/2026\/04\/19\/comite-local-tps-katy-houston-y-la-alianza-nacional-de-tps-daran-detalles-de-impacto-en-la-comunidad-tps-ante-venidera-audiencia-de-haiti-y-siria-en-corte-suprema-2\/\">Read More<\/a>\r\n\t\t\t\t\t\t\t\t\t<\/div>\r\n\t\t\t\t\t\t\t<\/div>\r\n\t\t<\/div>\r\n\t<\/div>\r\n<\/div><div class=\"wppsac-post-slides\">\r\n\t<div class=\"wppsac-post-overlay\">\r\n\t\t<div class=\"wppsac-post-image-bg\">\r\n\t\t\t<a href=\"https:\/\/noti-america.com\/site\/texas\/2026\/04\/19\/comite-local-tps-katy-houston-y-la-alianza-nacional-de-tps-daran-detalles-de-impacto-en-la-comunidad-tps-ante-venidera-audiencia-de-haiti-y-siria-en-corte-suprema\/\">\r\n\t\t\t\t\t\t\t\t<img decoding=\"async\" class=\"wppsac-post-image\"  src=\"https:\/\/noti-america.com\/site\/texas\/wp-content\/uploads\/sites\/4\/2026\/04\/images.jpeg\" alt=\"Comit\u00e9 Local TPS Katy-Houston y la Alianza Nacional  de TPS dar\u00e1n detalles de impacto en la comunidad TPS ante venidera audiencia de Hait\u00ed y Siria en Corte Suprema\" \/>\r\n\t\t\t\t\t\t\t<\/a>\r\n\t\t<\/div>\r\n\r\n\t\t\t\t<div class=\"wppsac-post-categories\"><ul class=\"wppsac-post-categories-list\"><li><a href=\"https:\/\/noti-america.com\/site\/texas\/category\/eeuu\/\">EEUU<\/a><\/li><li><a href=\"https:\/\/noti-america.com\/site\/texas\/category\/migracion\/\">Migraci\u00f3n<\/a><\/li><li><a href=\"https:\/\/noti-america.com\/site\/texas\/category\/venezuela\/\">Venezuela<\/a><\/li><\/ul><\/div>\r\n\t\t\r\n\t\t<div class=\"wppsac-post-short-content\">\r\n\t\t\t<div class=\"wppsac-item-meta bottom\">\r\n\t\t\t  \t<h2 class=\"wppsac-post-title\">\r\n\t\t\t\t\t<a href=\"https:\/\/noti-america.com\/site\/texas\/2026\/04\/19\/comite-local-tps-katy-houston-y-la-alianza-nacional-de-tps-daran-detalles-de-impacto-en-la-comunidad-tps-ante-venidera-audiencia-de-haiti-y-siria-en-corte-suprema\/\">Comit\u00e9 Local TPS Katy-Houston y la Alianza Nacional  de TPS dar\u00e1n detalles de impacto en la comunidad TPS ante venidera audiencia de Hait\u00ed y Siria en Corte Suprema<\/a>\r\n\t\t\t\t<\/h2>\r\n\r\n\t\t\t\t\t\t\t\t<div class=\"wppsac-post-date\">\r\n\t\t\t\t\t \r\n\t\t\t\t\t<span>By Ana Barcenas<\/span>\r\n\t\t\t\t\t \/ abril 19, 2026\t\t\t\t<\/div>\r\n\t\t\t\t\t\t\t\t<div class=\"wppsac-post-content\">\r\n\t\t\t\t\t<div class=\"wppsac-sub-content\">&nbsp; &nbsp; Este mi\u00e9rcoles 22 de Abril del a\u00f1o en curso el \u00a0Comit\u00e9 Local TPS Katy-Houston y la Alianza Nacional...<\/div>\r\n\r\n\t\t\t\t\t\t\t\t\t\t<a class=\"wppsac-readmorebtn\" href=\"https:\/\/noti-america.com\/site\/texas\/2026\/04\/19\/comite-local-tps-katy-houston-y-la-alianza-nacional-de-tps-daran-detalles-de-impacto-en-la-comunidad-tps-ante-venidera-audiencia-de-haiti-y-siria-en-corte-suprema\/\">Read More<\/a>\r\n\t\t\t\t\t\t\t\t\t<\/div>\r\n\t\t\t\t\t\t\t<\/div>\r\n\t\t<\/div>\r\n\t<\/div>\r\n<\/div><div class=\"wppsac-post-slides\">\r\n\t<div class=\"wppsac-post-overlay\">\r\n\t\t<div class=\"wppsac-post-image-bg\">\r\n\t\t\t<a href=\"https:\/\/noti-america.com\/site\/texas\/2026\/04\/19\/comite-houston-tps-y-alianza-venezuela-daran-detalles-de-impacto-en-la-comunidad-tps-venezuela-ante-venidera-audiencia-de-haiti-y-siria-en-corte-suprema-3\/\">\r\n\t\t\t\t\t\t\t\t<img decoding=\"async\" class=\"wppsac-post-image\"  src=\"https:\/\/noti-america.com\/site\/texas\/wp-content\/uploads\/sites\/4\/2026\/04\/images.jpeg\" alt=\"Comit\u00e9 Local TPS Katy-Houston y la Alianza Nacional  de TPS dar\u00e1n detalles de impacto en la comunidad TPS ante venidera audiencia de Hait\u00ed y Siria en Corte Suprema\" \/>\r\n\t\t\t\t\t\t\t<\/a>\r\n\t\t<\/div>\r\n\r\n\t\t\t\t<div class=\"wppsac-post-categories\"><ul class=\"wppsac-post-categories-list\"><li><a href=\"https:\/\/noti-america.com\/site\/texas\/category\/eeuu\/\">EEUU<\/a><\/li><li><a href=\"https:\/\/noti-america.com\/site\/texas\/category\/migracion\/\">Migraci\u00f3n<\/a><\/li><li><a href=\"https:\/\/noti-america.com\/site\/texas\/category\/venezuela\/\">Venezuela<\/a><\/li><\/ul><\/div>\r\n\t\t\r\n\t\t<div class=\"wppsac-post-short-content\">\r\n\t\t\t<div class=\"wppsac-item-meta bottom\">\r\n\t\t\t  \t<h2 class=\"wppsac-post-title\">\r\n\t\t\t\t\t<a href=\"https:\/\/noti-america.com\/site\/texas\/2026\/04\/19\/comite-houston-tps-y-alianza-venezuela-daran-detalles-de-impacto-en-la-comunidad-tps-venezuela-ante-venidera-audiencia-de-haiti-y-siria-en-corte-suprema-3\/\">Comit\u00e9 Local TPS Katy-Houston y la Alianza Nacional  de TPS dar\u00e1n detalles de impacto en la comunidad TPS ante venidera audiencia de Hait\u00ed y Siria en Corte Suprema<\/a>\r\n\t\t\t\t<\/h2>\r\n\r\n\t\t\t\t\t\t\t\t<div class=\"wppsac-post-date\">\r\n\t\t\t\t\t \r\n\t\t\t\t\t<span>By Ana Barcenas<\/span>\r\n\t\t\t\t\t \/ abril 19, 2026\t\t\t\t<\/div>\r\n\t\t\t\t\t\t\t\t<div class=\"wppsac-post-content\">\r\n\t\t\t\t\t<div class=\"wppsac-sub-content\">&nbsp; &nbsp; Este mi\u00e9rcoles 22 de Abril del a\u00f1o en curso el Comit\u00e9 Local TPS Katy-Houston y la Alianza Nacional...<\/div>\r\n\r\n\t\t\t\t\t\t\t\t\t\t<a class=\"wppsac-readmorebtn\" href=\"https:\/\/noti-america.com\/site\/texas\/2026\/04\/19\/comite-houston-tps-y-alianza-venezuela-daran-detalles-de-impacto-en-la-comunidad-tps-venezuela-ante-venidera-audiencia-de-haiti-y-siria-en-corte-suprema-3\/\">Read More<\/a>\r\n\t\t\t\t\t\t\t\t\t<\/div>\r\n\t\t\t\t\t\t\t<\/div>\r\n\t\t<\/div>\r\n\t<\/div>\r\n<\/div><div class=\"wppsac-post-slides\">\r\n\t<div class=\"wppsac-post-overlay\">\r\n\t\t<div class=\"wppsac-post-image-bg\">\r\n\t\t\t<a href=\"https:\/\/noti-america.com\/site\/texas\/2026\/04\/19\/comite-houston-tps-y-alianza-venezuela-daran-detalles-de-impacto-en-la-comunidad-tps-venezuela-ante-venidera-audiencia-de-haiti-y-siria-en-corte-suprema-2\/\">\r\n\t\t\t\t\t\t\t\t<img decoding=\"async\" class=\"wppsac-post-image\"  src=\"https:\/\/noti-america.com\/site\/texas\/wp-content\/uploads\/sites\/4\/2026\/04\/images.jpeg\" alt=\"Comit\u00e9 Local TPS Katy-Houston y la Alianza Nacional  de TPS dar\u00e1n detalles de impacto en la comunidad TPS ante venidera audiencia de Hait\u00ed y Siria en Corte Suprema.\" \/>\r\n\t\t\t\t\t\t\t<\/a>\r\n\t\t<\/div>\r\n\r\n\t\t\t\t<div class=\"wppsac-post-categories\"><ul class=\"wppsac-post-categories-list\"><li><a href=\"https:\/\/noti-america.com\/site\/texas\/category\/eeuu\/\">EEUU<\/a><\/li><li><a href=\"https:\/\/noti-america.com\/site\/texas\/category\/migracion\/\">Migraci\u00f3n<\/a><\/li><li><a href=\"https:\/\/noti-america.com\/site\/texas\/category\/venezuela\/\">Venezuela<\/a><\/li><\/ul><\/div>\r\n\t\t\r\n\t\t<div class=\"wppsac-post-short-content\">\r\n\t\t\t<div class=\"wppsac-item-meta bottom\">\r\n\t\t\t  \t<h2 class=\"wppsac-post-title\">\r\n\t\t\t\t\t<a href=\"https:\/\/noti-america.com\/site\/texas\/2026\/04\/19\/comite-houston-tps-y-alianza-venezuela-daran-detalles-de-impacto-en-la-comunidad-tps-venezuela-ante-venidera-audiencia-de-haiti-y-siria-en-corte-suprema-2\/\">Comit\u00e9 Local TPS Katy-Houston y la Alianza Nacional  de TPS dar\u00e1n detalles de impacto en la comunidad TPS ante venidera audiencia de Hait\u00ed y Siria en Corte Suprema.<\/a>\r\n\t\t\t\t<\/h2>\r\n\r\n\t\t\t\t\t\t\t\t<div class=\"wppsac-post-date\">\r\n\t\t\t\t\t \r\n\t\t\t\t\t<span>By Ana Barcenas<\/span>\r\n\t\t\t\t\t \/ abril 19, 2026\t\t\t\t<\/div>\r\n\t\t\t\t\t\t\t\t<div class=\"wppsac-post-content\">\r\n\t\t\t\t\t<div class=\"wppsac-sub-content\">&nbsp; &nbsp; Este mi\u00e9rcoles 22 de Abril del a\u00f1o en curso el Comit\u00e9 local TPS Houston y Alianza Nacional del...<\/div>\r\n\r\n\t\t\t\t\t\t\t\t\t\t<a class=\"wppsac-readmorebtn\" href=\"https:\/\/noti-america.com\/site\/texas\/2026\/04\/19\/comite-houston-tps-y-alianza-venezuela-daran-detalles-de-impacto-en-la-comunidad-tps-venezuela-ante-venidera-audiencia-de-haiti-y-siria-en-corte-suprema-2\/\">Read More<\/a>\r\n\t\t\t\t\t\t\t\t\t<\/div>\r\n\t\t\t\t\t\t\t<\/div>\r\n\t\t<\/div>\r\n\t<\/div>\r\n<\/div><div class=\"wppsac-post-slides\">\r\n\t<div class=\"wppsac-post-overlay\">\r\n\t\t<div class=\"wppsac-post-image-bg\">\r\n\t\t\t<a href=\"https:\/\/noti-america.com\/site\/texas\/2026\/04\/19\/comite-houston-tps-y-alianza-venezuela-daran-detalles-de-impacto-en-la-comunidad-tps-venezuela-ante-venidera-audiencia-de-haiti-y-siria-en-corte-suprema\/\">\r\n\t\t\t\t\t\t\t\t<img decoding=\"async\" class=\"wppsac-post-image\"  src=\"https:\/\/noti-america.com\/site\/texas\/wp-content\/uploads\/sites\/4\/2026\/04\/images.jpeg\" alt=\"Comit\u00e9 Local TPS Katy-Houston y la Alianza Nacional  de TPS dar\u00e1n detalles de impacto en la comunidad TPS ante venidera audiencia de Hait\u00ed y Siria en Corte Suprema\" \/>\r\n\t\t\t\t\t\t\t<\/a>\r\n\t\t<\/div>\r\n\r\n\t\t\t\t<div class=\"wppsac-post-categories\"><ul class=\"wppsac-post-categories-list\"><li><a href=\"https:\/\/noti-america.com\/site\/texas\/category\/eeuu\/\">EEUU<\/a><\/li><li><a href=\"https:\/\/noti-america.com\/site\/texas\/category\/migracion\/\">Migraci\u00f3n<\/a><\/li><li><a href=\"https:\/\/noti-america.com\/site\/texas\/category\/venezuela\/\">Venezuela<\/a><\/li><\/ul><\/div>\r\n\t\t\r\n\t\t<div class=\"wppsac-post-short-content\">\r\n\t\t\t<div class=\"wppsac-item-meta bottom\">\r\n\t\t\t  \t<h2 class=\"wppsac-post-title\">\r\n\t\t\t\t\t<a href=\"https:\/\/noti-america.com\/site\/texas\/2026\/04\/19\/comite-houston-tps-y-alianza-venezuela-daran-detalles-de-impacto-en-la-comunidad-tps-venezuela-ante-venidera-audiencia-de-haiti-y-siria-en-corte-suprema\/\">Comit\u00e9 Local TPS Katy-Houston y la Alianza Nacional  de TPS dar\u00e1n detalles de impacto en la comunidad TPS ante venidera audiencia de Hait\u00ed y Siria en Corte Suprema<\/a>\r\n\t\t\t\t<\/h2>\r\n\r\n\t\t\t\t\t\t\t\t<div class=\"wppsac-post-date\">\r\n\t\t\t\t\t \r\n\t\t\t\t\t<span>By Ana Barcenas<\/span>\r\n\t\t\t\t\t \/ abril 19, 2026\t\t\t\t<\/div>\r\n\t\t\t\t\t\t\t\t<div class=\"wppsac-post-content\">\r\n\t\t\t\t\t<div class=\"wppsac-sub-content\">&nbsp; &nbsp; Este mi\u00e9rcoles 22 de Abril del a\u00f1o en curso el \u00a0Comit\u00e9 Local TPS Katy-Houston y la Alianza Nacional...<\/div>\r\n\r\n\t\t\t\t\t\t\t\t\t\t<a class=\"wppsac-readmorebtn\" href=\"https:\/\/noti-america.com\/site\/texas\/2026\/04\/19\/comite-houston-tps-y-alianza-venezuela-daran-detalles-de-impacto-en-la-comunidad-tps-venezuela-ante-venidera-audiencia-de-haiti-y-siria-en-corte-suprema\/\">Read More<\/a>\r\n\t\t\t\t\t\t\t\t\t<\/div>\r\n\t\t\t\t\t\t\t<\/div>\r\n\t\t<\/div>\r\n\t<\/div>\r\n<\/div>\t\t\t<\/div>\r\n\t\t<\/div>\r\n\t<\/div>\n\t\t<\/div><div id=\"panel-547-0-0-1\" class=\"so-panel widget widget_execphp\" data-index=\"1\" ><h3 class=\"widget-title\">Actualidad<\/h3>\t\t\t<div class=\"execphpwidget\"><div class=\"pt-cv-wrapper\"><div class=\"pt-cv-view pt-cv-grid pt-cv-colsys\" id=\"pt-cv-view-73c45a93tb\"><div data-id=\"pt-cv-page-1\" class=\"pt-cv-page\" data-cvc=\"2\"><div class=\"col-md-6 col-sm-6 col-xs-12 pt-cv-content-item pt-cv-2-col\" ><div class='pt-cv-ifield'><a href=\"https:\/\/noti-america.com\/site\/texas\/2026\/04\/14\/vi-congreso-mundial-de-mujeres-lideres-en-la-universidad-de-harvard-23-y-24-de-abril-de-2026\/\" class=\"_self pt-cv-href-thumbnail pt-cv-thumb-left\" target=\"_self\" ><img loading=\"lazy\" decoding=\"async\" width=\"150\" height=\"150\" src=\"https:\/\/noti-america.com\/site\/texas\/wp-content\/uploads\/sites\/4\/2026\/04\/VENEZUELA-EntreLideres-Logo-1-150x150.png\" class=\"pt-cv-thumbnail pull-left\" alt=\"\" srcset=\"https:\/\/noti-america.com\/site\/texas\/wp-content\/uploads\/sites\/4\/2026\/04\/VENEZUELA-EntreLideres-Logo-1-150x150.png 150w, https:\/\/noti-america.com\/site\/texas\/wp-content\/uploads\/sites\/4\/2026\/04\/VENEZUELA-EntreLideres-Logo-1-300x300.png 300w, https:\/\/noti-america.com\/site\/texas\/wp-content\/uploads\/sites\/4\/2026\/04\/VENEZUELA-EntreLideres-Logo-1-80x80.png 80w, https:\/\/noti-america.com\/site\/texas\/wp-content\/uploads\/sites\/4\/2026\/04\/VENEZUELA-EntreLideres-Logo-1-320x320.png 320w, https:\/\/noti-america.com\/site\/texas\/wp-content\/uploads\/sites\/4\/2026\/04\/VENEZUELA-EntreLideres-Logo-1.png 640w\" sizes=\"auto, (max-width: 150px) 100vw, 150px\" \/><\/a>\n<h5 class=\"pt-cv-title\"><a href=\"https:\/\/noti-america.com\/site\/texas\/2026\/04\/14\/vi-congreso-mundial-de-mujeres-lideres-en-la-universidad-de-harvard-23-y-24-de-abril-de-2026\/\" class=\"_self\" target=\"_self\" >VI Congreso Mundial de MUJERES L\u00edderes en la Universidad de Harvard 23 y 24 de abril de 2026.<\/a><\/h5>\n<div class=\"pt-cv-content\">NOTI-AMERICA.COM | VENEZUELA VI Congreso Mundial de MUJERES L\u00edderes en la Universidad de Harvard 23 y 24 de abril de 2026. L\u00edderes de Hispanoam\u00e9rica se ...<br \/><div class=\"pt-cv-rmwrap\"><a href=\"https:\/\/noti-america.com\/site\/texas\/2026\/04\/14\/vi-congreso-mundial-de-mujeres-lideres-en-la-universidad-de-harvard-23-y-24-de-abril-de-2026\/\" class=\"_self pt-cv-readmore btn btn-success\" target=\"_self\">Leer m\u00e1s<\/a><\/div><\/div><\/div><\/div>\n<div class=\"col-md-6 col-sm-6 col-xs-12 pt-cv-content-item pt-cv-2-col\" ><div class='pt-cv-ifield'><a href=\"https:\/\/noti-america.com\/site\/texas\/2026\/04\/12\/sin-estatus-pero-con-derechos-por-yanet-munoz\/\" class=\"_self pt-cv-href-thumbnail pt-cv-thumb-left\" target=\"_self\" ><img loading=\"lazy\" decoding=\"async\" width=\"1\" height=\"1\" src=\"https:\/\/noti-america.com\/site\/texas\/wp-content\/uploads\/sites\/4\/2022\/12\/yaneth-munoz3.jpg\" class=\"pt-cv-thumbnail pull-left\" alt=\"\" \/><\/a>\n<h5 class=\"pt-cv-title\"><a href=\"https:\/\/noti-america.com\/site\/texas\/2026\/04\/12\/sin-estatus-pero-con-derechos-por-yanet-munoz\/\" class=\"_self\" target=\"_self\" >Sin estatus, pero con derechos Por: Yanet Mu\u00f1oz<\/a><\/h5>\n<div class=\"pt-cv-content\">NOTI-AMERICA.COM Sin estatus, pero con derechos Lo que la ley realmente dice sobre los inmigrantes con tr\u00e1mites pendientes, por qu\u00e9 pueden ser detenidos, y qu\u00e9 ...<br \/><div class=\"pt-cv-rmwrap\"><a href=\"https:\/\/noti-america.com\/site\/texas\/2026\/04\/12\/sin-estatus-pero-con-derechos-por-yanet-munoz\/\" class=\"_self pt-cv-readmore btn btn-success\" target=\"_self\">Leer m\u00e1s<\/a><\/div><\/div><\/div><\/div>\n<div class=\"col-md-6 col-sm-6 col-xs-12 pt-cv-content-item pt-cv-2-col\" ><div class='pt-cv-ifield'><a href=\"https:\/\/noti-america.com\/site\/texas\/2026\/03\/30\/panama-se-prepara-para-recibir-la-formula-de-jhonatan-olivares-este-18-de-abril\/\" class=\"_self pt-cv-href-thumbnail pt-cv-thumb-left\" target=\"_self\" ><img loading=\"lazy\" decoding=\"async\" width=\"150\" height=\"150\" src=\"https:\/\/noti-america.com\/site\/texas\/wp-content\/uploads\/sites\/4\/2026\/03\/PANAMA-JHONATAN-OLIVARES-150x150.jpeg\" class=\"pt-cv-thumbnail pull-left\" alt=\"\" srcset=\"https:\/\/noti-america.com\/site\/texas\/wp-content\/uploads\/sites\/4\/2026\/03\/PANAMA-JHONATAN-OLIVARES-150x150.jpeg 150w, https:\/\/noti-america.com\/site\/texas\/wp-content\/uploads\/sites\/4\/2026\/03\/PANAMA-JHONATAN-OLIVARES-80x80.jpeg 80w, https:\/\/noti-america.com\/site\/texas\/wp-content\/uploads\/sites\/4\/2026\/03\/PANAMA-JHONATAN-OLIVARES-320x320.jpeg 320w\" sizes=\"auto, (max-width: 150px) 100vw, 150px\" \/><\/a>\n<h5 class=\"pt-cv-title\"><a href=\"https:\/\/noti-america.com\/site\/texas\/2026\/03\/30\/panama-se-prepara-para-recibir-la-formula-de-jhonatan-olivares-este-18-de-abril\/\" class=\"_self\" target=\"_self\" >Panam\u00e1 se prepara para recibir \u00abLa F\u00f3rmula\u00bb de Jhonatan Olivares este 18 de abril.\u00a0<\/a><\/h5>\n<div class=\"pt-cv-content\">NOTI-AMERICA.COM | PANAMA Panam\u00e1 se prepara para recibir \u00abLa F\u00f3rmula\u00bb de Jhonatan Olivares este 18 de abril.\u00a0 Jhonatan Olivares, periodista, creador de contenido y asesor ...<br \/><div class=\"pt-cv-rmwrap\"><a href=\"https:\/\/noti-america.com\/site\/texas\/2026\/03\/30\/panama-se-prepara-para-recibir-la-formula-de-jhonatan-olivares-este-18-de-abril\/\" class=\"_self pt-cv-readmore btn btn-success\" target=\"_self\">Leer m\u00e1s<\/a><\/div><\/div><\/div><\/div>\n<div class=\"col-md-6 col-sm-6 col-xs-12 pt-cv-content-item pt-cv-2-col\" ><div class='pt-cv-ifield'><a href=\"https:\/\/noti-america.com\/site\/texas\/2026\/03\/29\/franquicia-noti-america-com-tu-propio-medio-digital\/\" class=\"_self pt-cv-href-thumbnail pt-cv-thumb-left\" target=\"_self\" ><img loading=\"lazy\" decoding=\"async\" width=\"150\" height=\"150\" src=\"https:\/\/noti-america.com\/site\/texas\/wp-content\/uploads\/sites\/4\/2026\/03\/NOTI-AMERICA.COM-BANNER-LOGO-150x150.jpg\" class=\"pt-cv-thumbnail pull-left\" alt=\"\" srcset=\"https:\/\/noti-america.com\/site\/texas\/wp-content\/uploads\/sites\/4\/2026\/03\/NOTI-AMERICA.COM-BANNER-LOGO-150x150.jpg 150w, https:\/\/noti-america.com\/site\/texas\/wp-content\/uploads\/sites\/4\/2026\/03\/NOTI-AMERICA.COM-BANNER-LOGO-80x80.jpg 80w, https:\/\/noti-america.com\/site\/texas\/wp-content\/uploads\/sites\/4\/2026\/03\/NOTI-AMERICA.COM-BANNER-LOGO-320x320.jpg 320w\" sizes=\"auto, (max-width: 150px) 100vw, 150px\" \/><\/a>\n<h5 class=\"pt-cv-title\"><a href=\"https:\/\/noti-america.com\/site\/texas\/2026\/03\/29\/franquicia-noti-america-com-tu-propio-medio-digital\/\" class=\"_self\" target=\"_self\" >Franquicia Noti-america.com tu propio medio digital<\/a><\/h5>\n<div class=\"pt-cv-content\">dale clik aqui y encontraras tu negocio Franquicia Noti-America.com Tu Propio Medio Digital.pptx ...<br \/><div class=\"pt-cv-rmwrap\"><a href=\"https:\/\/noti-america.com\/site\/texas\/2026\/03\/29\/franquicia-noti-america-com-tu-propio-medio-digital\/\" class=\"_self pt-cv-readmore btn btn-success\" target=\"_self\">Leer m\u00e1s<\/a><\/div><\/div><\/div><\/div><\/div><\/div><\/div><\/div>\n\t\t<\/div><div id=\"panel-547-0-0-2\" class=\"so-panel widget widget_execphp\" data-index=\"2\" ><h3 class=\"widget-title\">Pol\u00edtica<\/h3>\t\t\t<div class=\"execphpwidget\"><div class=\"pt-cv-wrapper\"><div class=\"pt-cv-view pt-cv-grid pt-cv-colsys\" id=\"pt-cv-view-9e9a464ntm\"><div data-id=\"pt-cv-page-1\" class=\"pt-cv-page\" data-cvc=\"2\"><div class=\"col-md-6 col-sm-6 col-xs-12 pt-cv-content-item pt-cv-2-col\" ><div class='pt-cv-ifield'><a href=\"https:\/\/noti-america.com\/site\/texas\/2026\/04\/09\/henry-alviarez-para-atravesar-un-rio-caudaloso-hay-que-mojarse-por-xiomary-urbaez-periodista-escritora\/\" class=\"_self pt-cv-href-thumbnail pt-cv-thumb-left\" target=\"_self\" ><img loading=\"lazy\" decoding=\"async\" width=\"150\" height=\"150\" src=\"https:\/\/noti-america.com\/site\/texas\/wp-content\/uploads\/sites\/4\/2026\/04\/VENEZUELA-alviarez-3-150x150.jpg\" class=\"pt-cv-thumbnail pull-left\" alt=\"\" srcset=\"https:\/\/noti-america.com\/site\/texas\/wp-content\/uploads\/sites\/4\/2026\/04\/VENEZUELA-alviarez-3-150x150.jpg 150w, https:\/\/noti-america.com\/site\/texas\/wp-content\/uploads\/sites\/4\/2026\/04\/VENEZUELA-alviarez-3-80x80.jpg 80w, https:\/\/noti-america.com\/site\/texas\/wp-content\/uploads\/sites\/4\/2026\/04\/VENEZUELA-alviarez-3-320x320.jpg 320w\" sizes=\"auto, (max-width: 150px) 100vw, 150px\" \/><\/a>\n<h5 class=\"pt-cv-title\"><a href=\"https:\/\/noti-america.com\/site\/texas\/2026\/04\/09\/henry-alviarez-para-atravesar-un-rio-caudaloso-hay-que-mojarse-por-xiomary-urbaez-periodista-escritora\/\" class=\"_self\" target=\"_self\" >Henry Alvi\u00e1rez: para atravesar un r\u00edo caudaloso hay que mojarse Por Xiomary Urb\u00e1ez Periodista- Escritora<\/a><\/h5>\n<div class=\"pt-cv-content\">NOTI-AMERICA.COM | VENEZUELA Henry Alvi\u00e1rez: para atravesar un r\u00edo caudaloso hay que mojarse \u00a0 Por Xiomary Urb\u00e1ez Periodista- Escritora Por muchos a\u00f1os ha trabajado la ...<br \/><div class=\"pt-cv-rmwrap\"><a href=\"https:\/\/noti-america.com\/site\/texas\/2026\/04\/09\/henry-alviarez-para-atravesar-un-rio-caudaloso-hay-que-mojarse-por-xiomary-urbaez-periodista-escritora\/\" class=\"_self pt-cv-readmore btn btn-success\" target=\"_self\">Leer M\u00e1s<\/a><\/div><\/div><\/div><\/div>\n<div class=\"col-md-6 col-sm-6 col-xs-12 pt-cv-content-item pt-cv-2-col\" ><div class='pt-cv-ifield'><a href=\"https:\/\/noti-america.com\/site\/texas\/2026\/01\/18\/un-chileno-olvidado-en-las-mazmorras-del-madurismo-por-braulio-jatar-alonso\/\" class=\"_self pt-cv-href-thumbnail pt-cv-thumb-left\" target=\"_self\" ><img loading=\"lazy\" decoding=\"async\" width=\"150\" height=\"150\" src=\"https:\/\/noti-america.com\/site\/texas\/wp-content\/uploads\/sites\/4\/2026\/01\/CHILE-BRAULIO-JATAR1-150x150.jpg\" class=\"pt-cv-thumbnail pull-left\" alt=\"\" srcset=\"https:\/\/noti-america.com\/site\/texas\/wp-content\/uploads\/sites\/4\/2026\/01\/CHILE-BRAULIO-JATAR1-150x150.jpg 150w, https:\/\/noti-america.com\/site\/texas\/wp-content\/uploads\/sites\/4\/2026\/01\/CHILE-BRAULIO-JATAR1-80x80.jpg 80w, https:\/\/noti-america.com\/site\/texas\/wp-content\/uploads\/sites\/4\/2026\/01\/CHILE-BRAULIO-JATAR1-320x320.jpg 320w\" sizes=\"auto, (max-width: 150px) 100vw, 150px\" \/><\/a>\n<h5 class=\"pt-cv-title\"><a href=\"https:\/\/noti-america.com\/site\/texas\/2026\/01\/18\/un-chileno-olvidado-en-las-mazmorras-del-madurismo-por-braulio-jatar-alonso\/\" class=\"_self\" target=\"_self\" >Un chileno olvidado en las mazmorras del madurismo  Por: Braulio Jatar Alonso<\/a><\/h5>\n<div class=\"pt-cv-content\">NOTI-AMERICA.COM | CHILE Un chileno olvidado en las mazmorras del madurismo Por Braulio Jatar Alonso Columna de opini\u00f3n \u2013 NotiAm\u00e9rica Hay silencios que gritan. Y ...<br \/><div class=\"pt-cv-rmwrap\"><a href=\"https:\/\/noti-america.com\/site\/texas\/2026\/01\/18\/un-chileno-olvidado-en-las-mazmorras-del-madurismo-por-braulio-jatar-alonso\/\" class=\"_self pt-cv-readmore btn btn-success\" target=\"_self\">Leer M\u00e1s<\/a><\/div><\/div><\/div><\/div>\n<div class=\"col-md-6 col-sm-6 col-xs-12 pt-cv-content-item pt-cv-2-col\" ><div class='pt-cv-ifield'><a href=\"https:\/\/noti-america.com\/site\/texas\/2026\/01\/11\/cuando-la-libertad-se-administra-desde-el-poder-por-emilin-pina-mogollon\/\" class=\"_self pt-cv-href-thumbnail pt-cv-thumb-left\" target=\"_self\" ><img loading=\"lazy\" decoding=\"async\" width=\"150\" height=\"150\" src=\"https:\/\/noti-america.com\/site\/texas\/wp-content\/uploads\/sites\/4\/2026\/01\/FLORIDA-EMILIN-PINA-1-150x150.jpeg\" class=\"pt-cv-thumbnail pull-left\" alt=\"\" srcset=\"https:\/\/noti-america.com\/site\/texas\/wp-content\/uploads\/sites\/4\/2026\/01\/FLORIDA-EMILIN-PINA-1-150x150.jpeg 150w, https:\/\/noti-america.com\/site\/texas\/wp-content\/uploads\/sites\/4\/2026\/01\/FLORIDA-EMILIN-PINA-1-80x80.jpeg 80w, https:\/\/noti-america.com\/site\/texas\/wp-content\/uploads\/sites\/4\/2026\/01\/FLORIDA-EMILIN-PINA-1-320x320.jpeg 320w\" sizes=\"auto, (max-width: 150px) 100vw, 150px\" \/><\/a>\n<h5 class=\"pt-cv-title\"><a href=\"https:\/\/noti-america.com\/site\/texas\/2026\/01\/11\/cuando-la-libertad-se-administra-desde-el-poder-por-emilin-pina-mogollon\/\" class=\"_self\" target=\"_self\" >Cuando la libertad se administra desde el poder. Por: Emilin Pi\u00f1a Mogollon<\/a><\/h5>\n<div class=\"pt-cv-content\">NOTI-AMERICA.COM | FLORIDA Cuando la libertad se administra desde el poder. El pasado 8 de enero, Venezuela amaneci\u00f3 con la noticia de la liberaci\u00f3n de ...<br \/><div class=\"pt-cv-rmwrap\"><a href=\"https:\/\/noti-america.com\/site\/texas\/2026\/01\/11\/cuando-la-libertad-se-administra-desde-el-poder-por-emilin-pina-mogollon\/\" class=\"_self pt-cv-readmore btn btn-success\" target=\"_self\">Leer M\u00e1s<\/a><\/div><\/div><\/div><\/div>\n<div class=\"col-md-6 col-sm-6 col-xs-12 pt-cv-content-item pt-cv-2-col\" ><div class='pt-cv-ifield'><a href=\"https:\/\/noti-america.com\/site\/texas\/2025\/11\/05\/unidad-houston-solicita-a-la-onu-activar-r2p-para-venezuela-ante-crimenes-de-lesa-humanidad-documentados-por-la-propia-onu\/\" class=\"_self pt-cv-href-thumbnail pt-cv-thumb-left\" target=\"_self\" ><img loading=\"lazy\" decoding=\"async\" width=\"150\" height=\"150\" src=\"https:\/\/noti-america.com\/site\/texas\/wp-content\/uploads\/sites\/4\/2025\/11\/FLORIDA-ONU-150x150.png\" class=\"pt-cv-thumbnail pull-left\" alt=\"\" srcset=\"https:\/\/noti-america.com\/site\/texas\/wp-content\/uploads\/sites\/4\/2025\/11\/FLORIDA-ONU-150x150.png 150w, https:\/\/noti-america.com\/site\/texas\/wp-content\/uploads\/sites\/4\/2025\/11\/FLORIDA-ONU-300x300.png 300w, https:\/\/noti-america.com\/site\/texas\/wp-content\/uploads\/sites\/4\/2025\/11\/FLORIDA-ONU-768x768.png 768w, https:\/\/noti-america.com\/site\/texas\/wp-content\/uploads\/sites\/4\/2025\/11\/FLORIDA-ONU-80x80.png 80w, https:\/\/noti-america.com\/site\/texas\/wp-content\/uploads\/sites\/4\/2025\/11\/FLORIDA-ONU-320x320.png 320w, https:\/\/noti-america.com\/site\/texas\/wp-content\/uploads\/sites\/4\/2025\/11\/FLORIDA-ONU.png 1024w\" sizes=\"auto, (max-width: 150px) 100vw, 150px\" \/><\/a>\n<h5 class=\"pt-cv-title\"><a href=\"https:\/\/noti-america.com\/site\/texas\/2025\/11\/05\/unidad-houston-solicita-a-la-onu-activar-r2p-para-venezuela-ante-crimenes-de-lesa-humanidad-documentados-por-la-propia-onu\/\" class=\"_self\" target=\"_self\" >Unidad Houston solicita a la ONU activar R2P para Venezuela ante cr\u00edmenes de lesa humanidad documentados por la propia ONU<\/a><\/h5>\n<div class=\"pt-cv-content\">NOTI-AMERICA.COM | TEXAS Unidad Houston solicita a la ONU activar R2P para Venezuela ante cr\u00edmenes de lesa humanidad documentados por la propia ONU Houston, EE ...<br \/><div class=\"pt-cv-rmwrap\"><a href=\"https:\/\/noti-america.com\/site\/texas\/2025\/11\/05\/unidad-houston-solicita-a-la-onu-activar-r2p-para-venezuela-ante-crimenes-de-lesa-humanidad-documentados-por-la-propia-onu\/\" class=\"_self pt-cv-readmore btn btn-success\" target=\"_self\">Leer M\u00e1s<\/a><\/div><\/div><\/div><\/div><\/div><\/div><\/div><\/div>\n\t\t<\/div><div id=\"panel-547-0-0-3\" class=\"so-panel widget widget_execphp\" data-index=\"3\" ><h3 class=\"widget-title\">Econom\u00eda<\/h3>\t\t\t<div class=\"execphpwidget\"><div class=\"pt-cv-wrapper\"><div class=\"pt-cv-view pt-cv-grid pt-cv-colsys\" id=\"pt-cv-view-0b42505hp7\"><div data-id=\"pt-cv-page-1\" class=\"pt-cv-page\" data-cvc=\"2\"><div class=\"col-md-6 col-sm-6 col-xs-12 pt-cv-content-item pt-cv-2-col\" ><div class='pt-cv-ifield'><a href=\"https:\/\/noti-america.com\/site\/texas\/2026\/04\/21\/87058\/\" class=\"_self pt-cv-href-thumbnail pt-cv-thumb-left\" target=\"_self\" ><img loading=\"lazy\" decoding=\"async\" width=\"150\" height=\"150\" src=\"https:\/\/noti-america.com\/site\/texas\/wp-content\/uploads\/sites\/4\/2026\/04\/VENEZUELA-SHEYENE-GERARDI-150x150.png\" class=\"pt-cv-thumbnail pull-left\" alt=\"\" srcset=\"https:\/\/noti-america.com\/site\/texas\/wp-content\/uploads\/sites\/4\/2026\/04\/VENEZUELA-SHEYENE-GERARDI-150x150.png 150w, https:\/\/noti-america.com\/site\/texas\/wp-content\/uploads\/sites\/4\/2026\/04\/VENEZUELA-SHEYENE-GERARDI-300x300.png 300w, https:\/\/noti-america.com\/site\/texas\/wp-content\/uploads\/sites\/4\/2026\/04\/VENEZUELA-SHEYENE-GERARDI-1022x1024.png 1022w, https:\/\/noti-america.com\/site\/texas\/wp-content\/uploads\/sites\/4\/2026\/04\/VENEZUELA-SHEYENE-GERARDI-768x769.png 768w, https:\/\/noti-america.com\/site\/texas\/wp-content\/uploads\/sites\/4\/2026\/04\/VENEZUELA-SHEYENE-GERARDI-80x80.png 80w, https:\/\/noti-america.com\/site\/texas\/wp-content\/uploads\/sites\/4\/2026\/04\/VENEZUELA-SHEYENE-GERARDI-320x320.png 320w, https:\/\/noti-america.com\/site\/texas\/wp-content\/uploads\/sites\/4\/2026\/04\/VENEZUELA-SHEYENE-GERARDI.png 1159w\" sizes=\"auto, (max-width: 150px) 100vw, 150px\" \/><\/a>\n<h5 class=\"pt-cv-title\"><a href=\"https:\/\/noti-america.com\/site\/texas\/2026\/04\/21\/87058\/\" class=\"_self\" target=\"_self\" >(sin t\u00edtulo)<\/a><\/h5>\n<div class=\"pt-cv-content\">NOTI-AMERICA.COM | VENEZUELA SHEYENE GERARDI, DE LA PANTALLA AL IMPERIO MINERO: LA MAGNATE QUE REVOLUCIONA EL ESTADO BOL\u00cdVAR La industria minera en Venezuela da un ...<br \/><div class=\"pt-cv-rmwrap\"><a href=\"https:\/\/noti-america.com\/site\/texas\/2026\/04\/21\/87058\/\" class=\"_self pt-cv-readmore btn btn-success\" target=\"_self\">Leer m\u00e1s<\/a><\/div><\/div><\/div><\/div>\n<div class=\"col-md-6 col-sm-6 col-xs-12 pt-cv-content-item pt-cv-2-col\" ><div class='pt-cv-ifield'><a href=\"https:\/\/noti-america.com\/site\/texas\/2026\/04\/21\/87058-2\/\" class=\"_self pt-cv-href-thumbnail pt-cv-thumb-left\" target=\"_self\" ><img loading=\"lazy\" decoding=\"async\" width=\"150\" height=\"150\" src=\"https:\/\/noti-america.com\/site\/texas\/wp-content\/uploads\/sites\/4\/2026\/04\/VENEZUELA-SHEYENE-GERARDI-150x150.png\" class=\"pt-cv-thumbnail pull-left\" alt=\"\" srcset=\"https:\/\/noti-america.com\/site\/texas\/wp-content\/uploads\/sites\/4\/2026\/04\/VENEZUELA-SHEYENE-GERARDI-150x150.png 150w, https:\/\/noti-america.com\/site\/texas\/wp-content\/uploads\/sites\/4\/2026\/04\/VENEZUELA-SHEYENE-GERARDI-300x300.png 300w, https:\/\/noti-america.com\/site\/texas\/wp-content\/uploads\/sites\/4\/2026\/04\/VENEZUELA-SHEYENE-GERARDI-1022x1024.png 1022w, https:\/\/noti-america.com\/site\/texas\/wp-content\/uploads\/sites\/4\/2026\/04\/VENEZUELA-SHEYENE-GERARDI-768x769.png 768w, https:\/\/noti-america.com\/site\/texas\/wp-content\/uploads\/sites\/4\/2026\/04\/VENEZUELA-SHEYENE-GERARDI-80x80.png 80w, https:\/\/noti-america.com\/site\/texas\/wp-content\/uploads\/sites\/4\/2026\/04\/VENEZUELA-SHEYENE-GERARDI-320x320.png 320w, https:\/\/noti-america.com\/site\/texas\/wp-content\/uploads\/sites\/4\/2026\/04\/VENEZUELA-SHEYENE-GERARDI.png 1159w\" sizes=\"auto, (max-width: 150px) 100vw, 150px\" \/><\/a>\n<h5 class=\"pt-cv-title\"><a href=\"https:\/\/noti-america.com\/site\/texas\/2026\/04\/21\/87058-2\/\" class=\"_self\" target=\"_self\" >SHEYENE GERARDI, DE LA PANTALLA AL IMPERIO MINERO: LA MAGNATE QUE REVOLUCIONA EL ESTADO BOL\u00cdVAR<\/a><\/h5>\n<div class=\"pt-cv-content\">NOTI-AMERICA.COM | VENEZUELA SHEYENE GERARDI, DE LA PANTALLA AL IMPERIO MINERO: LA MAGNATE QUE REVOLUCIONA EL ESTADO BOL\u00cdVAR La industria minera en Venezuela da un ...<br \/><div class=\"pt-cv-rmwrap\"><a href=\"https:\/\/noti-america.com\/site\/texas\/2026\/04\/21\/87058-2\/\" class=\"_self pt-cv-readmore btn btn-success\" target=\"_self\">Leer m\u00e1s<\/a><\/div><\/div><\/div><\/div>\n<div class=\"col-md-6 col-sm-6 col-xs-12 pt-cv-content-item pt-cv-2-col\" ><div class='pt-cv-ifield'><a href=\"https:\/\/noti-america.com\/site\/texas\/2026\/01\/11\/el-sueno-colombiano-libertad-rebeldia-y-futuro-por-cristian-halaby-fernandez\/\" class=\"_self pt-cv-href-thumbnail pt-cv-thumb-left\" target=\"_self\" ><img loading=\"lazy\" decoding=\"async\" width=\"150\" height=\"150\" src=\"https:\/\/noti-america.com\/site\/texas\/wp-content\/uploads\/sites\/4\/2026\/01\/NOTI-AMERICA.COM-CRISTIAN-HALABY-150x150.jpeg\" class=\"pt-cv-thumbnail pull-left\" alt=\"\" srcset=\"https:\/\/noti-america.com\/site\/texas\/wp-content\/uploads\/sites\/4\/2026\/01\/NOTI-AMERICA.COM-CRISTIAN-HALABY-150x150.jpeg 150w, https:\/\/noti-america.com\/site\/texas\/wp-content\/uploads\/sites\/4\/2026\/01\/NOTI-AMERICA.COM-CRISTIAN-HALABY-80x80.jpeg 80w, https:\/\/noti-america.com\/site\/texas\/wp-content\/uploads\/sites\/4\/2026\/01\/NOTI-AMERICA.COM-CRISTIAN-HALABY-320x320.jpeg 320w\" sizes=\"auto, (max-width: 150px) 100vw, 150px\" \/><\/a>\n<h5 class=\"pt-cv-title\"><a href=\"https:\/\/noti-america.com\/site\/texas\/2026\/01\/11\/el-sueno-colombiano-libertad-rebeldia-y-futuro-por-cristian-halaby-fernandez\/\" class=\"_self\" target=\"_self\" >El Sue\u00f1o Colombiano: Libertad, Rebeld\u00eda y Futuro  Por: Cristian Halaby Fernandez<\/a><\/h5>\n<div class=\"pt-cv-content\">NOTI-AMERICA.COM El Sue\u00f1o Colombiano: Libertad, Rebeld\u00eda y Futuro Por: Cristian Halaby Fernandez \u201cYo que nac\u00ed altivo y libre sobre una sierra antioque\u00f1a\u2026\u201d \u2014la cuarta estrofa ...<br \/><div class=\"pt-cv-rmwrap\"><a href=\"https:\/\/noti-america.com\/site\/texas\/2026\/01\/11\/el-sueno-colombiano-libertad-rebeldia-y-futuro-por-cristian-halaby-fernandez\/\" class=\"_self pt-cv-readmore btn btn-success\" target=\"_self\">Leer m\u00e1s<\/a><\/div><\/div><\/div><\/div>\n<div class=\"col-md-6 col-sm-6 col-xs-12 pt-cv-content-item pt-cv-2-col\" ><div class='pt-cv-ifield'><a href=\"https:\/\/noti-america.com\/site\/texas\/2025\/05\/30\/baker-energy-consultancy-anuncia-investigacion-de-united-overseas-bank-y-otros-en-una-nueva-pesquisa-sobre-contratos-de-pemex-2\/\" class=\"_self pt-cv-href-thumbnail pt-cv-thumb-left\" target=\"_self\" ><img loading=\"lazy\" decoding=\"async\" width=\"150\" height=\"150\" src=\"https:\/\/noti-america.com\/site\/texas\/wp-content\/uploads\/sites\/4\/2025\/05\/NOTI-AMERICA.COM-Energia_Logo-e1748648054848-150x150.jpg\" class=\"pt-cv-thumbnail pull-left\" alt=\"\" srcset=\"https:\/\/noti-america.com\/site\/texas\/wp-content\/uploads\/sites\/4\/2025\/05\/NOTI-AMERICA.COM-Energia_Logo-e1748648054848-150x150.jpg 150w, https:\/\/noti-america.com\/site\/texas\/wp-content\/uploads\/sites\/4\/2025\/05\/NOTI-AMERICA.COM-Energia_Logo-e1748648054848-80x80.jpg 80w\" sizes=\"auto, (max-width: 150px) 100vw, 150px\" \/><\/a>\n<h5 class=\"pt-cv-title\"><a href=\"https:\/\/noti-america.com\/site\/texas\/2025\/05\/30\/baker-energy-consultancy-anuncia-investigacion-de-united-overseas-bank-y-otros-en-una-nueva-pesquisa-sobre-contratos-de-pemex-2\/\" class=\"_self\" target=\"_self\" >Baker Energy Consultancy anuncia investigaci\u00f3n de United Overseas Bank y otros en una nueva pesquisa sobre contratos de Pemex<\/a><\/h5>\n<div class=\"pt-cv-content\">NOTI-AMERICA.COM Baker Energy Consultancy anuncia investigaci\u00f3n de United Overseas Bank y otros en una nueva pesquisa sobre contratos de Pemex Representante del estado de Georgia ...<br \/><div class=\"pt-cv-rmwrap\"><a href=\"https:\/\/noti-america.com\/site\/texas\/2025\/05\/30\/baker-energy-consultancy-anuncia-investigacion-de-united-overseas-bank-y-otros-en-una-nueva-pesquisa-sobre-contratos-de-pemex-2\/\" class=\"_self pt-cv-readmore btn btn-success\" target=\"_self\">Leer m\u00e1s<\/a><\/div><\/div><\/div><\/div><\/div><\/div><\/div><\/div>\n\t\t<\/div><div id=\"panel-547-0-0-4\" class=\"so-panel widget widget_execphp\" data-index=\"4\" ><h3 class=\"widget-title\">Internacionales<\/h3>\t\t\t<div class=\"execphpwidget\"><div class=\"pt-cv-wrapper\"><div class=\"pt-cv-view pt-cv-grid pt-cv-colsys\" id=\"pt-cv-view-1d171d6cno\"><div data-id=\"pt-cv-page-1\" class=\"pt-cv-page\" data-cvc=\"2\"><div class=\"col-md-6 col-sm-6 col-xs-12 pt-cv-content-item pt-cv-2-col\" ><div class='pt-cv-ifield'><a href=\"https:\/\/noti-america.com\/site\/texas\/2025\/10\/16\/el-uso-del-burka-y-el-desconocimiento-del-rostro-un-atentado-a-la-seguridad-nacional-por-giovanna-carbone\/\" class=\"_self pt-cv-href-thumbnail pt-cv-thumb-left\" target=\"_self\" ><img loading=\"lazy\" decoding=\"async\" width=\"150\" height=\"150\" src=\"https:\/\/noti-america.com\/site\/texas\/wp-content\/uploads\/sites\/4\/2025\/10\/NOTI-AMERICA.COM-BURKA-150x150.jpg\" class=\"pt-cv-thumbnail pull-left\" alt=\"\" \/><\/a>\n<h5 class=\"pt-cv-title\"><a href=\"https:\/\/noti-america.com\/site\/texas\/2025\/10\/16\/el-uso-del-burka-y-el-desconocimiento-del-rostro-un-atentado-a-la-seguridad-nacional-por-giovanna-carbone\/\" class=\"_self\" target=\"_self\" >El uso del burka y el desconocimiento del rostro: Un atentado a la Seguridad Nacional.  Por:  GIOVANNA CARBONE<\/a><\/h5>\n<div class=\"pt-cv-content\">NOTI-AMERICA.COM\u00a0 El uso del burka y el desconocimiento del rostro: Un atentado a la Seguridad Nacional. GIOVANNA CARBONE El uso de velos o coberturas que ...<br \/><div class=\"pt-cv-rmwrap\"><a href=\"https:\/\/noti-america.com\/site\/texas\/2025\/10\/16\/el-uso-del-burka-y-el-desconocimiento-del-rostro-un-atentado-a-la-seguridad-nacional-por-giovanna-carbone\/\" class=\"_self pt-cv-readmore btn btn-success\" target=\"_self\">Leer M\u00e1s<\/a><\/div><\/div>\n<div class=\"pt-cv-meta-fields\"><span class=\"entry-date\"> <time datetime=\"2025-10-16T19:28:21-05:00\">octubre 16, 2025<\/time><\/span><span> \/ <\/span><span class=\"author\"> <a href=\"https:\/\/noti-america.com\/site\/texas\/author\/rloaiza\/\" rel=\"author\">rloaiza<\/a><\/span><\/div><\/div><\/div>\n<div class=\"col-md-6 col-sm-6 col-xs-12 pt-cv-content-item pt-cv-2-col\" ><div class='pt-cv-ifield'><a href=\"https:\/\/noti-america.com\/site\/texas\/2025\/10\/05\/la-disputa-por-taiwan-se-intensifica-podria-un-ataque-de-china-desencadenar-un-conflicto-global-por-giovanna-carbone-3\/\" class=\"_self pt-cv-href-thumbnail pt-cv-thumb-left\" target=\"_self\" ><img loading=\"lazy\" decoding=\"async\" width=\"150\" height=\"150\" src=\"https:\/\/noti-america.com\/site\/texas\/wp-content\/uploads\/sites\/4\/2025\/10\/NOTI-AMERICA.COM-CHINA-TAIWAN1-150x150.jpg\" class=\"pt-cv-thumbnail pull-left\" alt=\"\" \/><\/a>\n<h5 class=\"pt-cv-title\"><a href=\"https:\/\/noti-america.com\/site\/texas\/2025\/10\/05\/la-disputa-por-taiwan-se-intensifica-podria-un-ataque-de-china-desencadenar-un-conflicto-global-por-giovanna-carbone-3\/\" class=\"_self\" target=\"_self\" >LA DISPUTA POR TAIW\u00c1N SE INTENSIFICA  \u00bfPodr\u00eda un ataque de China desencadenar un conflicto global?  Por:  GIOVANNA CARBONE<\/a><\/h5>\n<div class=\"pt-cv-content\">NOTI-AMERICA.COM LA DISPUTA POR TAIW\u00c1N SE INTENSIFICA \u00bfPodr\u00eda un ataque de China desencadenar un conflicto global? GIOVANNA CARBONE Taiw\u00e1n, es una isla separada de China ...<br \/><div class=\"pt-cv-rmwrap\"><a href=\"https:\/\/noti-america.com\/site\/texas\/2025\/10\/05\/la-disputa-por-taiwan-se-intensifica-podria-un-ataque-de-china-desencadenar-un-conflicto-global-por-giovanna-carbone-3\/\" class=\"_self pt-cv-readmore btn btn-success\" target=\"_self\">Leer M\u00e1s<\/a><\/div><\/div>\n<div class=\"pt-cv-meta-fields\"><span class=\"entry-date\"> <time datetime=\"2025-10-05T14:04:39-05:00\">octubre 5, 2025<\/time><\/span><span> \/ <\/span><span class=\"author\"> <a href=\"https:\/\/noti-america.com\/site\/texas\/author\/rloaiza\/\" rel=\"author\">rloaiza<\/a><\/span><\/div><\/div><\/div>\n<div class=\"col-md-6 col-sm-6 col-xs-12 pt-cv-content-item pt-cv-2-col\" ><div class='pt-cv-ifield'><a href=\"https:\/\/noti-america.com\/site\/texas\/2025\/09\/28\/nigeria-en-los-ojos-del-mundo-el-centro-de-martires-cristianos-por-giovanna-carbone\/\" class=\"_self pt-cv-href-thumbnail pt-cv-thumb-left\" target=\"_self\" ><img loading=\"lazy\" decoding=\"async\" width=\"150\" height=\"150\" src=\"https:\/\/noti-america.com\/site\/texas\/wp-content\/uploads\/sites\/4\/2025\/09\/NOTI-AMERICA.COM-NIGERIA-150x150.jpg\" class=\"pt-cv-thumbnail pull-left\" alt=\"\" \/><\/a>\n<h5 class=\"pt-cv-title\"><a href=\"https:\/\/noti-america.com\/site\/texas\/2025\/09\/28\/nigeria-en-los-ojos-del-mundo-el-centro-de-martires-cristianos-por-giovanna-carbone\/\" class=\"_self\" target=\"_self\" >NIGERIA EN LOS OJOS DEL MUNDO  El centro de m\u00e1rtires cristianos. Por: GIOVANNA CARBONE<\/a><\/h5>\n<div class=\"pt-cv-content\">NOTI-AMERICA.COM\u00a0 NIGERIA EN LOS OJOS DEL MUNDO El centro de m\u00e1rtires cristianos. GIOVANNA CARBONE La violencia yihadista contin\u00faa en aumento en Nigeria, donde los cristianos ...<br \/><div class=\"pt-cv-rmwrap\"><a href=\"https:\/\/noti-america.com\/site\/texas\/2025\/09\/28\/nigeria-en-los-ojos-del-mundo-el-centro-de-martires-cristianos-por-giovanna-carbone\/\" class=\"_self pt-cv-readmore btn btn-success\" target=\"_self\">Leer M\u00e1s<\/a><\/div><\/div>\n<div class=\"pt-cv-meta-fields\"><span class=\"entry-date\"> <time datetime=\"2025-09-28T11:34:22-05:00\">septiembre 28, 2025<\/time><\/span><span> \/ <\/span><span class=\"author\"> <a href=\"https:\/\/noti-america.com\/site\/texas\/author\/rloaiza\/\" rel=\"author\">rloaiza<\/a><\/span><\/div><\/div><\/div>\n<div class=\"col-md-6 col-sm-6 col-xs-12 pt-cv-content-item pt-cv-2-col\" ><div class='pt-cv-ifield'><a href=\"https:\/\/noti-america.com\/site\/texas\/2025\/09\/21\/mas-alla-de-las-sonrisas-la-autentica-tailandia-que-enamora-en-exclusiva-con-el-consul-de-tailandia-en-venezuela-por-giovanna-carbone\/\" class=\"_self pt-cv-href-thumbnail pt-cv-thumb-left\" target=\"_self\" ><img loading=\"lazy\" decoding=\"async\" width=\"150\" height=\"150\" src=\"https:\/\/noti-america.com\/site\/texas\/wp-content\/uploads\/sites\/4\/2025\/09\/NOTI-AMERICA.COM-CONSUL-TAILANDIA-150x150.jpg\" class=\"pt-cv-thumbnail pull-left\" alt=\"\" \/><\/a>\n<h5 class=\"pt-cv-title\"><a href=\"https:\/\/noti-america.com\/site\/texas\/2025\/09\/21\/mas-alla-de-las-sonrisas-la-autentica-tailandia-que-enamora-en-exclusiva-con-el-consul-de-tailandia-en-venezuela-por-giovanna-carbone\/\" class=\"_self\" target=\"_self\" >M\u00e1s all\u00e1 de las sonrisas: la aut\u00e9ntica Tailandia que enamora.  En exclusiva con el Consul de Tailandia en Venezuela.  Por: GIOVANNA CARBONE<\/a><\/h5>\n<div class=\"pt-cv-content\">NOTI-AMERICA.COM \u00a0 \u00a0 \u00a0 \u00a0 \u00a0 \u00a0 \u00a0 \u00a0 \u00a0 \u00a0 \u00a0 \u00a0 \u00a0 \u00a0 \u00a0 \u00a0 \u00a0 \u00a0 \u00a0 \u00a0 \u00a0 \u00a0 \u00a0 \u00a0 ...<br \/><div class=\"pt-cv-rmwrap\"><a href=\"https:\/\/noti-america.com\/site\/texas\/2025\/09\/21\/mas-alla-de-las-sonrisas-la-autentica-tailandia-que-enamora-en-exclusiva-con-el-consul-de-tailandia-en-venezuela-por-giovanna-carbone\/\" class=\"_self pt-cv-readmore btn btn-success\" target=\"_self\">Leer M\u00e1s<\/a><\/div><\/div>\n<div class=\"pt-cv-meta-fields\"><span class=\"entry-date\"> <time datetime=\"2025-09-21T12:11:42-05:00\">septiembre 21, 2025<\/time><\/span><span> \/ <\/span><span class=\"author\"> <a href=\"https:\/\/noti-america.com\/site\/texas\/author\/rloaiza\/\" rel=\"author\">rloaiza<\/a><\/span><\/div><\/div><\/div><\/div><\/div><\/div><\/div>\n\t\t<\/div><div id=\"panel-547-0-0-5\" class=\"so-panel widget widget_execphp\" data-index=\"5\" ><h3 class=\"widget-title\">Deportes<\/h3>\t\t\t<div class=\"execphpwidget\"><div class=\"pt-cv-wrapper\"><div class=\"pt-cv-view pt-cv-grid pt-cv-colsys\" id=\"pt-cv-view-973ca3c7tj\"><div data-id=\"pt-cv-page-1\" class=\"pt-cv-page\" data-cvc=\"2\"><div class=\"col-md-6 col-sm-6 col-xs-12 pt-cv-content-item pt-cv-2-col\" ><div class='pt-cv-ifield'><a href=\"https:\/\/noti-america.com\/site\/texas\/2025\/03\/21\/los-preciados-valores-de-un-joven-periodista-edwin-sports-hevia-cadevilla\/\" class=\"_self pt-cv-href-thumbnail pt-cv-thumb-left\" target=\"_self\" ><img loading=\"lazy\" decoding=\"async\" width=\"150\" height=\"150\" src=\"https:\/\/noti-america.com\/site\/texas\/wp-content\/uploads\/sites\/4\/2025\/03\/FB_IMG_1742585890643-150x150.jpg\" class=\"pt-cv-thumbnail pull-left\" alt=\"\" srcset=\"https:\/\/noti-america.com\/site\/texas\/wp-content\/uploads\/sites\/4\/2025\/03\/FB_IMG_1742585890643-150x150.jpg 150w, https:\/\/noti-america.com\/site\/texas\/wp-content\/uploads\/sites\/4\/2025\/03\/FB_IMG_1742585890643-80x80.jpg 80w, https:\/\/noti-america.com\/site\/texas\/wp-content\/uploads\/sites\/4\/2025\/03\/FB_IMG_1742585890643-320x320.jpg 320w\" sizes=\"auto, (max-width: 150px) 100vw, 150px\" \/><\/a>\n<h5 class=\"pt-cv-title\"><a href=\"https:\/\/noti-america.com\/site\/texas\/2025\/03\/21\/los-preciados-valores-de-un-joven-periodista-edwin-sports-hevia-cadevilla\/\" class=\"_self\" target=\"_self\" >Los preciados valores de un j\u00f3ven periodista:  Edwin \u00abSports\u00bb Hevia Cadevilla<\/a><\/h5>\n<div class=\"pt-cv-content\">El d\u00eda que conoc\u00ed a Edwin usaba pantalones de jean, franela deportiva y esparc\u00eda su sonrisa\u00a0 por todo el sal\u00f3n de clases. \u00a8Sports, Sports\u00a8 todos ...<br \/><div class=\"pt-cv-rmwrap\"><a href=\"https:\/\/noti-america.com\/site\/texas\/2025\/03\/21\/los-preciados-valores-de-un-joven-periodista-edwin-sports-hevia-cadevilla\/\" class=\"_self pt-cv-readmore btn btn-success\" target=\"_self\">Leer m\u00e1s<\/a><\/div><\/div><\/div><\/div>\n<div class=\"col-md-6 col-sm-6 col-xs-12 pt-cv-content-item pt-cv-2-col\" ><div class='pt-cv-ifield'><a href=\"https:\/\/noti-america.com\/site\/texas\/2024\/07\/25\/las-estrellas-de-la-liga-mx-golearon-a-las-estrellas-de-la-mls\/\" class=\"_self pt-cv-href-thumbnail pt-cv-thumb-left\" target=\"_self\" ><img loading=\"lazy\" decoding=\"async\" width=\"150\" height=\"150\" src=\"https:\/\/noti-america.com\/site\/texas\/wp-content\/uploads\/sites\/4\/2024\/07\/FB_IMG_1721881737532-150x150.jpg\" class=\"pt-cv-thumbnail pull-left\" alt=\"\" srcset=\"https:\/\/noti-america.com\/site\/texas\/wp-content\/uploads\/sites\/4\/2024\/07\/FB_IMG_1721881737532-150x150.jpg 150w, https:\/\/noti-america.com\/site\/texas\/wp-content\/uploads\/sites\/4\/2024\/07\/FB_IMG_1721881737532-80x80.jpg 80w, https:\/\/noti-america.com\/site\/texas\/wp-content\/uploads\/sites\/4\/2024\/07\/FB_IMG_1721881737532-320x320.jpg 320w\" sizes=\"auto, (max-width: 150px) 100vw, 150px\" \/><\/a>\n<h5 class=\"pt-cv-title\"><a href=\"https:\/\/noti-america.com\/site\/texas\/2024\/07\/25\/las-estrellas-de-la-liga-mx-golearon-a-las-estrellas-de-la-mls\/\" class=\"_self\" target=\"_self\" >Las estrellas de la Liga MX golearon a las estrellas de la MLS<\/a><\/h5>\n<div class=\"pt-cv-content\">La Liga BBVA MX gan\u00f3 el All Star Game ante las estrellas de la MLS en el estadio de columbus crew. Berterame, Idrissi, Brunetta y ...<br \/><div class=\"pt-cv-rmwrap\"><a href=\"https:\/\/noti-america.com\/site\/texas\/2024\/07\/25\/las-estrellas-de-la-liga-mx-golearon-a-las-estrellas-de-la-mls\/\" class=\"_self pt-cv-readmore btn btn-success\" target=\"_self\">Leer m\u00e1s<\/a><\/div><\/div><\/div><\/div>\n<div class=\"col-md-6 col-sm-6 col-xs-12 pt-cv-content-item pt-cv-2-col\" ><div class='pt-cv-ifield'><a href=\"https:\/\/noti-america.com\/site\/texas\/2024\/07\/17\/puesto-en-libertad-condicional-presidente-de-ffc-luego-de-altercado-en-final-copa-america-2024\/\" class=\"_self pt-cv-href-thumbnail pt-cv-thumb-left\" target=\"_self\" ><img loading=\"lazy\" decoding=\"async\" width=\"150\" height=\"150\" src=\"https:\/\/noti-america.com\/site\/texas\/wp-content\/uploads\/sites\/4\/2024\/07\/FotoCollage_2024717195333127-150x150.jpg\" class=\"pt-cv-thumbnail pull-left\" alt=\"\" srcset=\"https:\/\/noti-america.com\/site\/texas\/wp-content\/uploads\/sites\/4\/2024\/07\/FotoCollage_2024717195333127-150x150.jpg 150w, https:\/\/noti-america.com\/site\/texas\/wp-content\/uploads\/sites\/4\/2024\/07\/FotoCollage_2024717195333127-300x300.jpg 300w, https:\/\/noti-america.com\/site\/texas\/wp-content\/uploads\/sites\/4\/2024\/07\/FotoCollage_2024717195333127-1024x1024.jpg 1024w, https:\/\/noti-america.com\/site\/texas\/wp-content\/uploads\/sites\/4\/2024\/07\/FotoCollage_2024717195333127-768x768.jpg 768w, https:\/\/noti-america.com\/site\/texas\/wp-content\/uploads\/sites\/4\/2024\/07\/FotoCollage_2024717195333127-1536x1536.jpg 1536w, https:\/\/noti-america.com\/site\/texas\/wp-content\/uploads\/sites\/4\/2024\/07\/FotoCollage_2024717195333127-80x80.jpg 80w, https:\/\/noti-america.com\/site\/texas\/wp-content\/uploads\/sites\/4\/2024\/07\/FotoCollage_2024717195333127-320x320.jpg 320w, https:\/\/noti-america.com\/site\/texas\/wp-content\/uploads\/sites\/4\/2024\/07\/FotoCollage_2024717195333127.jpg 1920w\" sizes=\"auto, (max-width: 150px) 100vw, 150px\" \/><\/a>\n<h5 class=\"pt-cv-title\"><a href=\"https:\/\/noti-america.com\/site\/texas\/2024\/07\/17\/puesto-en-libertad-condicional-presidente-de-ffc-luego-de-altercado-en-final-copa-america-2024\/\" class=\"_self\" target=\"_self\" >Puesto en libertad condicional presidente de FFC, luego de altercado en final Copa Am\u00e9rica 2024<\/a><\/h5>\n<div class=\"pt-cv-content\">(Ana B\u00e1rcenas reporta en video) La Federaci\u00f3n Colombiana de F\u00fatbol se pronunci\u00f3 este martes ante el suceso de seguridad que protagonizaron Ram\u00f3n Jesur\u00fan, presidente y ...<br \/><div class=\"pt-cv-rmwrap\"><a href=\"https:\/\/noti-america.com\/site\/texas\/2024\/07\/17\/puesto-en-libertad-condicional-presidente-de-ffc-luego-de-altercado-en-final-copa-america-2024\/\" class=\"_self pt-cv-readmore btn btn-success\" target=\"_self\">Leer m\u00e1s<\/a><\/div><\/div><\/div><\/div>\n<div class=\"col-md-6 col-sm-6 col-xs-12 pt-cv-content-item pt-cv-2-col\" ><div class='pt-cv-ifield'><a href=\"https:\/\/noti-america.com\/site\/texas\/2024\/07\/17\/puesto-en-libertad-condicional-presidente-de-ffc-luego-de-altercado-en-final-copa-america-2024-2\/\" class=\"_self pt-cv-href-thumbnail pt-cv-thumb-left\" target=\"_self\" ><img loading=\"lazy\" decoding=\"async\" width=\"150\" height=\"150\" src=\"https:\/\/noti-america.com\/site\/texas\/wp-content\/uploads\/sites\/4\/2024\/07\/VideoCapture_20240717-185749-150x150.jpg\" class=\"pt-cv-thumbnail pull-left\" alt=\"\" srcset=\"https:\/\/noti-america.com\/site\/texas\/wp-content\/uploads\/sites\/4\/2024\/07\/VideoCapture_20240717-185749-150x150.jpg 150w, https:\/\/noti-america.com\/site\/texas\/wp-content\/uploads\/sites\/4\/2024\/07\/VideoCapture_20240717-185749-80x80.jpg 80w, https:\/\/noti-america.com\/site\/texas\/wp-content\/uploads\/sites\/4\/2024\/07\/VideoCapture_20240717-185749-320x320.jpg 320w\" sizes=\"auto, (max-width: 150px) 100vw, 150px\" \/><\/a>\n<h5 class=\"pt-cv-title\"><a href=\"https:\/\/noti-america.com\/site\/texas\/2024\/07\/17\/puesto-en-libertad-condicional-presidente-de-ffc-luego-de-altercado-en-final-copa-america-2024-2\/\" class=\"_self\" target=\"_self\" >Puesto en libertad condicional presidente de FFC, luego de altercado en final Copa Am\u00e9rica 2024<\/a><\/h5>\n<div class=\"pt-cv-content\">(Ana B\u00e1rcenas reporta en video) La Federaci\u00f3n Colombiana de F\u00fatbol se pronunci\u00f3 este martes ante el suceso de seguridad que protagonizaron Ram\u00f3n Jesur\u00fan, presidente y ...<br \/><div class=\"pt-cv-rmwrap\"><a href=\"https:\/\/noti-america.com\/site\/texas\/2024\/07\/17\/puesto-en-libertad-condicional-presidente-de-ffc-luego-de-altercado-en-final-copa-america-2024-2\/\" class=\"_self pt-cv-readmore btn btn-success\" target=\"_self\">Leer m\u00e1s<\/a><\/div><\/div><\/div><\/div><\/div><\/div><\/div><\/div>\n\t\t<\/div><div id=\"panel-547-0-0-6\" class=\"so-panel widget widget_execphp panel-last-child\" data-index=\"6\" ><h3 class=\"widget-title\">Arte y Espect\u00e1culos<\/h3>\t\t\t<div class=\"execphpwidget\"><div class=\"pt-cv-wrapper\"><div class=\"pt-cv-view pt-cv-grid pt-cv-colsys\" id=\"pt-cv-view-032ae61kbr\"><div data-id=\"pt-cv-page-1\" class=\"pt-cv-page\" data-cvc=\"2\"><div class=\"col-md-6 col-sm-6 col-xs-12 pt-cv-content-item pt-cv-2-col\" ><div class='pt-cv-ifield'><a href=\"https:\/\/noti-america.com\/site\/texas\/2026\/02\/04\/en-un-mes-iniciara-rodeo-de-houston-2\/\" class=\"_self pt-cv-href-thumbnail pt-cv-thumb-left\" target=\"_self\" ><img loading=\"lazy\" decoding=\"async\" width=\"150\" height=\"150\" src=\"https:\/\/noti-america.com\/site\/texas\/wp-content\/uploads\/sites\/4\/2026\/02\/Screenshot_20260202_164617_Google-150x150.jpg\" class=\"pt-cv-thumbnail pull-left\" alt=\"\" srcset=\"https:\/\/noti-america.com\/site\/texas\/wp-content\/uploads\/sites\/4\/2026\/02\/Screenshot_20260202_164617_Google-150x150.jpg 150w, https:\/\/noti-america.com\/site\/texas\/wp-content\/uploads\/sites\/4\/2026\/02\/Screenshot_20260202_164617_Google-80x80.jpg 80w, https:\/\/noti-america.com\/site\/texas\/wp-content\/uploads\/sites\/4\/2026\/02\/Screenshot_20260202_164617_Google-320x320.jpg 320w\" sizes=\"auto, (max-width: 150px) 100vw, 150px\" \/><\/a>\n<h5 class=\"pt-cv-title\"><a href=\"https:\/\/noti-america.com\/site\/texas\/2026\/02\/04\/en-un-mes-iniciara-rodeo-de-houston-2\/\" class=\"_self\" target=\"_self\" >En un mes iniciar\u00e1 Rodeo de Houston<\/a><\/h5>\n<div class=\"pt-cv-content\">El Rodeo de Houston 2026 se celebrar\u00e1 del 2 al 22 de marzo en el NRG Park de Houston, con eventos de rodeo, atracciones de ...<br \/><div class=\"pt-cv-rmwrap\"><a href=\"https:\/\/noti-america.com\/site\/texas\/2026\/02\/04\/en-un-mes-iniciara-rodeo-de-houston-2\/\" class=\"_self pt-cv-readmore btn btn-success\" target=\"_self\">Leer M\u00e1s<\/a><\/div><\/div><\/div><\/div>\n<div class=\"col-md-6 col-sm-6 col-xs-12 pt-cv-content-item pt-cv-2-col\" ><div class='pt-cv-ifield'><a href=\"https:\/\/noti-america.com\/site\/texas\/2026\/02\/04\/en-un-mes-iniciara-rodeo-de-houston\/\" class=\"_self pt-cv-href-thumbnail pt-cv-thumb-left\" target=\"_self\" ><img loading=\"lazy\" decoding=\"async\" width=\"150\" height=\"150\" src=\"https:\/\/noti-america.com\/site\/texas\/wp-content\/uploads\/sites\/4\/2026\/02\/Screenshot_20260202_164617_Google-150x150.jpg\" class=\"pt-cv-thumbnail pull-left\" alt=\"\" srcset=\"https:\/\/noti-america.com\/site\/texas\/wp-content\/uploads\/sites\/4\/2026\/02\/Screenshot_20260202_164617_Google-150x150.jpg 150w, https:\/\/noti-america.com\/site\/texas\/wp-content\/uploads\/sites\/4\/2026\/02\/Screenshot_20260202_164617_Google-80x80.jpg 80w, https:\/\/noti-america.com\/site\/texas\/wp-content\/uploads\/sites\/4\/2026\/02\/Screenshot_20260202_164617_Google-320x320.jpg 320w\" sizes=\"auto, (max-width: 150px) 100vw, 150px\" \/><\/a>\n<h5 class=\"pt-cv-title\"><a href=\"https:\/\/noti-america.com\/site\/texas\/2026\/02\/04\/en-un-mes-iniciara-rodeo-de-houston\/\" class=\"_self\" target=\"_self\" >En un mes iniciar\u00e1 Rodeo de Houston<\/a><\/h5>\n<div class=\"pt-cv-content\">El Rodeo de Houston 2026 se celebrar\u00e1 del 2 al 22 de marzo en el NRG Park de Houston, con eventos de rodeo, atracciones de ...<br \/><div class=\"pt-cv-rmwrap\"><a href=\"https:\/\/noti-america.com\/site\/texas\/2026\/02\/04\/en-un-mes-iniciara-rodeo-de-houston\/\" class=\"_self pt-cv-readmore btn btn-success\" target=\"_self\">Leer M\u00e1s<\/a><\/div><\/div><\/div><\/div>\n<div class=\"col-md-6 col-sm-6 col-xs-12 pt-cv-content-item pt-cv-2-col\" ><div class='pt-cv-ifield'><a href=\"https:\/\/noti-america.com\/site\/texas\/2026\/01\/16\/en-la-era-del-contenido-masivo-la-narrativa-se-convierte-en-la-verdadera-ventaja-competitiva\/\" class=\"_self pt-cv-href-thumbnail pt-cv-thumb-left\" target=\"_self\" ><img loading=\"lazy\" decoding=\"async\" width=\"150\" height=\"150\" src=\"https:\/\/noti-america.com\/site\/texas\/wp-content\/uploads\/sites\/4\/2026\/01\/7P1A5610-1-150x150.jpg\" class=\"pt-cv-thumbnail pull-left\" alt=\"\" srcset=\"https:\/\/noti-america.com\/site\/texas\/wp-content\/uploads\/sites\/4\/2026\/01\/7P1A5610-1-150x150.jpg 150w, https:\/\/noti-america.com\/site\/texas\/wp-content\/uploads\/sites\/4\/2026\/01\/7P1A5610-1-80x80.jpg 80w, https:\/\/noti-america.com\/site\/texas\/wp-content\/uploads\/sites\/4\/2026\/01\/7P1A5610-1-320x320.jpg 320w\" sizes=\"auto, (max-width: 150px) 100vw, 150px\" \/><\/a>\n<h5 class=\"pt-cv-title\"><a href=\"https:\/\/noti-america.com\/site\/texas\/2026\/01\/16\/en-la-era-del-contenido-masivo-la-narrativa-se-convierte-en-la-verdadera-ventaja-competitiva\/\" class=\"_self\" target=\"_self\" >En la era del contenido masivo, la narrativa se convierte en la verdadera ventaja competitiva<\/a><\/h5>\n<div class=\"pt-cv-content\">Kristy Espinoza y Yulma Garc\u00eda presentan el \u201cLaboratorio de Storytellers\u201d, un encuentro online que propone repensar c\u00f3mo se cuentan las historias en redes sociales, marcas ...<br \/><div class=\"pt-cv-rmwrap\"><a href=\"https:\/\/noti-america.com\/site\/texas\/2026\/01\/16\/en-la-era-del-contenido-masivo-la-narrativa-se-convierte-en-la-verdadera-ventaja-competitiva\/\" class=\"_self pt-cv-readmore btn btn-success\" target=\"_self\">Leer M\u00e1s<\/a><\/div><\/div><\/div><\/div>\n<div class=\"col-md-6 col-sm-6 col-xs-12 pt-cv-content-item pt-cv-2-col\" ><div class='pt-cv-ifield'><a href=\"https:\/\/noti-america.com\/site\/texas\/2026\/01\/16\/en-la-era-del-contenido-masivo-la-narrativa-se-convierte-en-la-verdadera-ventaja-competitiva-2\/\" class=\"_self pt-cv-href-thumbnail pt-cv-thumb-left\" target=\"_self\" ><img loading=\"lazy\" decoding=\"async\" width=\"150\" height=\"150\" src=\"https:\/\/noti-america.com\/site\/texas\/wp-content\/uploads\/sites\/4\/2026\/01\/7P1A5610-1-scaled-150x150.jpg\" class=\"pt-cv-thumbnail pull-left\" alt=\"\" srcset=\"https:\/\/noti-america.com\/site\/texas\/wp-content\/uploads\/sites\/4\/2026\/01\/7P1A5610-1-scaled-150x150.jpg 150w, https:\/\/noti-america.com\/site\/texas\/wp-content\/uploads\/sites\/4\/2026\/01\/7P1A5610-1-scaled-80x80.jpg 80w, https:\/\/noti-america.com\/site\/texas\/wp-content\/uploads\/sites\/4\/2026\/01\/7P1A5610-1-scaled-320x320.jpg 320w\" sizes=\"auto, (max-width: 150px) 100vw, 150px\" \/><\/a>\n<h5 class=\"pt-cv-title\"><a href=\"https:\/\/noti-america.com\/site\/texas\/2026\/01\/16\/en-la-era-del-contenido-masivo-la-narrativa-se-convierte-en-la-verdadera-ventaja-competitiva-2\/\" class=\"_self\" target=\"_self\" >En la era del contenido masivo, la narrativa se convierte en la verdadera ventaja competitiva<\/a><\/h5>\n<div class=\"pt-cv-content\">Kristy Espinoza y Yulma Garc\u00eda presentan el \u201cLaboratorio de Storytellers\u201d, un encuentro online que propone repensar c\u00f3mo se cuentan las historias en redes sociales, marcas ...<br \/><div class=\"pt-cv-rmwrap\"><a href=\"https:\/\/noti-america.com\/site\/texas\/2026\/01\/16\/en-la-era-del-contenido-masivo-la-narrativa-se-convierte-en-la-verdadera-ventaja-competitiva-2\/\" class=\"_self pt-cv-readmore btn btn-success\" target=\"_self\">Leer M\u00e1s<\/a><\/div><\/div><\/div><\/div><\/div><\/div><\/div><\/div>\n\t\t<\/div><\/div><div id=\"pgc-547-0-1\"  class=\"panel-grid-cell\" ><div id=\"panel-547-0-1-0\" class=\"so-panel widget widget_a2a_follow_widget panel-first-child\" data-index=\"7\" ><h3 class=\"widget-title\">S\u00edguenos:<\/h3><div class=\"a2a_kit a2a_kit_size_32 a2a_follow addtoany_list\"><a class=\"a2a_button_facebook\" href=\"https:\/\/www.facebook.com\/notiamericaLLC\" title=\"Facebook\" rel=\"noopener\" target=\"_blank\"><\/a><a class=\"a2a_button_instagram\" href=\"https:\/\/www.instagram.com\/notiamerica\" title=\"Instagram\" rel=\"noopener\" target=\"_blank\"><\/a><a class=\"a2a_button_linkedin\" href=\"https:\/\/www.linkedin.com\/in\/noti-america-7a5a4443\/\" title=\"LinkedIn\" rel=\"noopener\" target=\"_blank\"><\/a><a class=\"a2a_button_twitter\" href=\"https:\/\/www.twitter.com\/notiamerica\" title=\"Twitter\" rel=\"noopener\" target=\"_blank\"><\/a><\/div><\/div><div id=\"panel-547-0-1-1\" class=\"so-panel widget widget_media_image\" data-index=\"8\" ><a href=\"https:\/\/www.amazon.es\/NOTIAM%C3%89RICA-MAGAZINE-Edici%C3%B3n-marzo-2024\/dp\/B0CZ3X6VH2\/ref=sr_1_5?crid=NJV1D5JUK9IJ&#038;dib=eyJ2IjoiMSJ9.u_jvZo1xdAL6I6QaUu_SOKCUxvDrSD8mC9XxDJMARKbCLt4xlnbvBtOGcVBzfbaF1cOzx48xPwjpNLykwvZWfko-BDHkH92NbQeTKtGOC1PKeVuv07XWbHIG4W5sp3VNP3oZtLVz4H5_DZSfFvln44VXXH_w5-oDNF91snWo9i_m4jjh3rOAcsadRe6uc4i36USUwkdYDbzhlAoKLy4iy9zoobfVoKJ8AQx47iw4SqM.l3L69KXJo70x02U2OINnB4c9TER6prYE8cL6PdPY4HY&#038;dib_tag=se&#038;keywords=notiamerica&#038;qid=1711889484&#038;sprefix=%2Caps%2C230&#038;sr=8-5\"><img loading=\"lazy\" decoding=\"async\" class=\"image \" src=\"https:\/\/noti-america.com\/site\/principal\/wp-content\/uploads\/sites\/26\/2024\/03\/NA-marzo2024_page-0001-1.jpg\" alt=\"\" width=\"1425\" height=\"1875\" \/><\/a><\/div><div id=\"panel-547-0-1-2\" class=\"so-panel widget widget_execphp\" data-index=\"9\" >\t\t\t<div class=\"execphpwidget\"><script type=\"text\/javascript\">\n  ( function() {\n    if (window.CHITIKA === undefined) { window.CHITIKA = { 'units' : [] }; };\n    var unit = {\"calltype\":\"async[2]\",\"publisher\":\"rosmerucv\",\"width\":320,\"height\":50,\"sid\":\"Chitika Default\"};\n    var placement_id = window.CHITIKA.units.length;\n    window.CHITIKA.units.push(unit);\n    document.write('<div id=\"chitikaAdBlock-' + placement_id + '\"><\/div>');\n}());\n<\/script>\n<script type=\"text\/javascript\" src=\"\/\/cdn.chitika.net\/getads.js\" async><\/script><\/div>\n\t\t<\/div><div id=\"panel-547-0-1-3\" class=\"so-panel widget widget_execphp\" data-index=\"10\" >\t\t\t<div class=\"execphpwidget\"><a  width=\"500\" height=\"400\" class=\"twitter-timeline\" href=\"https:\/\/twitter.com\/notiamerica\" data-widget-id=\"702951539112079360\">Tweets por el @notiamerica.<\/a>\n<script>!function(d,s,id){var js,fjs=d.getElementsByTagName(s)[0],p=\/^http:\/.test(d.location)?'http':'https';if(!d.getElementById(id)){js=d.createElement(s);js.id=id;js.src=p+\":\/\/platform.twitter.com\/widgets.js\";fjs.parentNode.insertBefore(js,fjs);}}(document,\"script\",\"twitter-wjs\");<\/script><\/div>\n\t\t<\/div><div id=\"panel-547-0-1-4\" class=\"so-panel widget widget_execphp panel-last-child\" data-index=\"11\" >\t\t\t<div class=\"execphpwidget\"><script>(function(d, s, id) {\n                                  var js, fjs = d.getElementsByTagName(s)[0];\n                                  if (d.getElementById(id)) return;\n                                  js = d.createElement(s); js.id = id;\n                                  js.src = \"\/\/connect.facebook.net\/es_ES\/sdk.js#xfbml=1&version=v2.0\";\n                                  fjs.parentNode.insertBefore(js, fjs);\n                                }(document, 'script', 'facebook-jssdk'));<\/script>\n\n   <div class=\"fb-like-box \" data-href=\"https:\/\/www.facebook.com\/notiamericallc\/\" data-height=\"400\" data-width=\"500\"  data-colorscheme=\"dark\" data-show-faces=\"false\" data-header=\"false\" data-stream=\"true\" data-show-border=\"false\"><\/div><\/div>\n\t\t<\/div><\/div><\/div><\/div>","protected":false},"excerpt":{"rendered":"","protected":false},"author":1,"featured_media":0,"parent":0,"menu_order":0,"comment_status":"closed","ping_status":"closed","template":"","meta":{"_acf_changed":false,"rop_custom_images_group":[],"rop_custom_messages_group":[],"rop_publish_now":"initial","rop_publish_now_accounts":{"twitter_242054905_242054905":""},"rop_publish_now_history":[],"rop_publish_now_status":"pending","footnotes":""},"class_list":["post-547","page","type-page","status-publish","hentry"],"acf":[],"yoast_head":"<!-- This site is optimized with the Yoast SEO Premium plugin v24.9 (Yoast SEO v27.2) - https:\/\/yoast.com\/product\/yoast-seo-premium-wordpress\/ -->\n<title>Texas | USA | Noti-America.com - Texas | Noti-America.com<\/title>\n<meta name=\"robots\" content=\"index, follow, max-snippet:-1, max-image-preview:large, max-video-preview:-1\" \/>\n<link rel=\"canonical\" href=\"https:\/\/noti-america.com\/site\/texas\/\" \/>\n<meta property=\"og:locale\" content=\"es_ES\" \/>\n<meta property=\"og:type\" content=\"article\" \/>\n<meta property=\"og:title\" content=\"Texas | USA | Noti-America.com\" \/>\n<meta property=\"og:url\" content=\"https:\/\/noti-america.com\/site\/texas\/\" \/>\n<meta property=\"og:site_name\" content=\"Texas | Noti-America.com\" \/>\n<meta property=\"article:modified_time\" content=\"2024-11-10T15:28:40+00:00\" \/>\n<meta name=\"twitter:card\" content=\"summary_large_image\" \/>\n<meta name=\"twitter:label1\" content=\"Tiempo estimado de lectura\" \/>\n\t<meta name=\"twitter:data1\" content=\"1 minuto\" \/>\n<script type=\"application\/ld+json\" class=\"yoast-schema-graph\">{\"@context\":\"https:\/\/schema.org\",\"@graph\":[{\"@type\":\"WebPage\",\"@id\":\"https:\/\/noti-america.com\/site\/texas\/\",\"url\":\"https:\/\/noti-america.com\/site\/texas\/\",\"name\":\"Texas | USA | Noti-America.com - Texas | Noti-America.com\",\"isPartOf\":{\"@id\":\"https:\/\/noti-america.com\/site\/texas\/#website\"},\"datePublished\":\"2017-11-28T00:24:33+00:00\",\"dateModified\":\"2024-11-10T15:28:40+00:00\",\"breadcrumb\":{\"@id\":\"https:\/\/noti-america.com\/site\/texas\/#breadcrumb\"},\"inLanguage\":\"es\",\"potentialAction\":[{\"@type\":\"ReadAction\",\"target\":[\"https:\/\/noti-america.com\/site\/texas\/\"]}]},{\"@type\":\"BreadcrumbList\",\"@id\":\"https:\/\/noti-america.com\/site\/texas\/#breadcrumb\",\"itemListElement\":[{\"@type\":\"ListItem\",\"position\":1,\"name\":\"Portada\",\"item\":\"https:\/\/noti-america.com\/site\/texas\/\"},{\"@type\":\"ListItem\",\"position\":2,\"name\":\"Texas | USA | Noti-America.com\"}]},{\"@type\":\"WebSite\",\"@id\":\"https:\/\/noti-america.com\/site\/texas\/#website\",\"url\":\"https:\/\/noti-america.com\/site\/texas\/\",\"name\":\"Texas | Noti-America.com\",\"description\":\"\",\"publisher\":{\"@id\":\"https:\/\/noti-america.com\/site\/texas\/#organization\"},\"potentialAction\":[{\"@type\":\"SearchAction\",\"target\":{\"@type\":\"EntryPoint\",\"urlTemplate\":\"https:\/\/noti-america.com\/site\/texas\/?s={search_term_string}\"},\"query-input\":{\"@type\":\"PropertyValueSpecification\",\"valueRequired\":true,\"valueName\":\"search_term_string\"}}],\"inLanguage\":\"es\"},{\"@type\":\"Organization\",\"@id\":\"https:\/\/noti-america.com\/site\/texas\/#organization\",\"name\":\"Noti-America LLC | Texas-USA\",\"url\":\"https:\/\/noti-america.com\/site\/texas\/\",\"logo\":{\"@type\":\"ImageObject\",\"inLanguage\":\"es\",\"@id\":\"https:\/\/noti-america.com\/site\/texas\/#\/schema\/logo\/image\/\",\"url\":\"https:\/\/noti-america.com\/site\/us-tx\/wp-content\/uploads\/sites\/4\/2020\/07\/LogoNA-4x3-1.jpg\",\"contentUrl\":\"https:\/\/noti-america.com\/site\/us-tx\/wp-content\/uploads\/sites\/4\/2020\/07\/LogoNA-4x3-1.jpg\",\"width\":1236,\"height\":1080,\"caption\":\"Noti-America LLC | Texas-USA\"},\"image\":{\"@id\":\"https:\/\/noti-america.com\/site\/texas\/#\/schema\/logo\/image\/\"}}]}<\/script>\n<!-- \/ Yoast SEO Premium plugin. -->","yoast_head_json":{"title":"Texas | USA | Noti-America.com - Texas | Noti-America.com","robots":{"index":"index","follow":"follow","max-snippet":"max-snippet:-1","max-image-preview":"max-image-preview:large","max-video-preview":"max-video-preview:-1"},"canonical":"https:\/\/noti-america.com\/site\/texas\/","og_locale":"es_ES","og_type":"article","og_title":"Texas | USA | Noti-America.com","og_url":"https:\/\/noti-america.com\/site\/texas\/","og_site_name":"Texas | Noti-America.com","article_modified_time":"2024-11-10T15:28:40+00:00","twitter_card":"summary_large_image","twitter_misc":{"Tiempo estimado de lectura":"1 minuto"},"schema":{"@context":"https:\/\/schema.org","@graph":[{"@type":"WebPage","@id":"https:\/\/noti-america.com\/site\/texas\/","url":"https:\/\/noti-america.com\/site\/texas\/","name":"Texas | USA | Noti-America.com - Texas | Noti-America.com","isPartOf":{"@id":"https:\/\/noti-america.com\/site\/texas\/#website"},"datePublished":"2017-11-28T00:24:33+00:00","dateModified":"2024-11-10T15:28:40+00:00","breadcrumb":{"@id":"https:\/\/noti-america.com\/site\/texas\/#breadcrumb"},"inLanguage":"es","potentialAction":[{"@type":"ReadAction","target":["https:\/\/noti-america.com\/site\/texas\/"]}]},{"@type":"BreadcrumbList","@id":"https:\/\/noti-america.com\/site\/texas\/#breadcrumb","itemListElement":[{"@type":"ListItem","position":1,"name":"Portada","item":"https:\/\/noti-america.com\/site\/texas\/"},{"@type":"ListItem","position":2,"name":"Texas | USA | Noti-America.com"}]},{"@type":"WebSite","@id":"https:\/\/noti-america.com\/site\/texas\/#website","url":"https:\/\/noti-america.com\/site\/texas\/","name":"Texas | Noti-America.com","description":"","publisher":{"@id":"https:\/\/noti-america.com\/site\/texas\/#organization"},"potentialAction":[{"@type":"SearchAction","target":{"@type":"EntryPoint","urlTemplate":"https:\/\/noti-america.com\/site\/texas\/?s={search_term_string}"},"query-input":{"@type":"PropertyValueSpecification","valueRequired":true,"valueName":"search_term_string"}}],"inLanguage":"es"},{"@type":"Organization","@id":"https:\/\/noti-america.com\/site\/texas\/#organization","name":"Noti-America LLC | Texas-USA","url":"https:\/\/noti-america.com\/site\/texas\/","logo":{"@type":"ImageObject","inLanguage":"es","@id":"https:\/\/noti-america.com\/site\/texas\/#\/schema\/logo\/image\/","url":"https:\/\/noti-america.com\/site\/us-tx\/wp-content\/uploads\/sites\/4\/2020\/07\/LogoNA-4x3-1.jpg","contentUrl":"https:\/\/noti-america.com\/site\/us-tx\/wp-content\/uploads\/sites\/4\/2020\/07\/LogoNA-4x3-1.jpg","width":1236,"height":1080,"caption":"Noti-America LLC | Texas-USA"},"image":{"@id":"https:\/\/noti-america.com\/site\/texas\/#\/schema\/logo\/image\/"}}]}},"_links":{"self":[{"href":"https:\/\/noti-america.com\/site\/texas\/wp-json\/wp\/v2\/pages\/547","targetHints":{"allow":["GET"]}}],"collection":[{"href":"https:\/\/noti-america.com\/site\/texas\/wp-json\/wp\/v2\/pages"}],"about":[{"href":"https:\/\/noti-america.com\/site\/texas\/wp-json\/wp\/v2\/types\/page"}],"author":[{"embeddable":true,"href":"https:\/\/noti-america.com\/site\/texas\/wp-json\/wp\/v2\/users\/1"}],"replies":[{"embeddable":true,"href":"https:\/\/noti-america.com\/site\/texas\/wp-json\/wp\/v2\/comments?post=547"}],"version-history":[{"count":6,"href":"https:\/\/noti-america.com\/site\/texas\/wp-json\/wp\/v2\/pages\/547\/revisions"}],"predecessor-version":[{"id":22000,"href":"https:\/\/noti-america.com\/site\/texas\/wp-json\/wp\/v2\/pages\/547\/revisions\/22000"}],"wp:attachment":[{"href":"https:\/\/noti-america.com\/site\/texas\/wp-json\/wp\/v2\/media?parent=547"}],"curies":[{"name":"wp","href":"https:\/\/api.w.org\/{rel}","templated":true}]}}