{"version":"1.0","provider_name":"Noti-America.com","provider_url":"https:\/\/noti-america.com\/site\/principal","author_name":"Gregory Quintana Montiel","author_url":"https:\/\/noti-america.com\/site\/principal\/author\/gquintana\/","title":"Ecuador y Canad\u00e1 estrechan manos","type":"rich","width":600,"height":338,"html":"<blockquote class=\"wp-embedded-content\" data-secret=\"1d6FNTiL40\"><a href=\"https:\/\/noti-america.com\/site\/principal\/2024\/03\/06\/ecuador-y-canada-estrechan-manos\/\">Ecuador y Canad\u00e1 estrechan manos<\/a><\/blockquote><iframe sandbox=\"allow-scripts\" security=\"restricted\" src=\"https:\/\/noti-america.com\/site\/principal\/2024\/03\/06\/ecuador-y-canada-estrechan-manos\/embed\/#?secret=1d6FNTiL40\" width=\"600\" height=\"338\" title=\"&#171;Ecuador y Canad\u00e1 estrechan manos&#187; &#8212; Noti-America.com\" data-secret=\"1d6FNTiL40\" frameborder=\"0\" marginwidth=\"0\" marginheight=\"0\" scrolling=\"no\" class=\"wp-embedded-content\"><\/iframe><script>\n\/*! This file is auto-generated *\/\n!function(d,l){\"use strict\";l.querySelector&&d.addEventListener&&\"undefined\"!=typeof URL&&(d.wp=d.wp||{},d.wp.receiveEmbedMessage||(d.wp.receiveEmbedMessage=function(e){var t=e.data;if((t||t.secret||t.message||t.value)&&!\/[^a-zA-Z0-9]\/.test(t.secret)){for(var s,r,n,a=l.querySelectorAll('iframe[data-secret=\"'+t.secret+'\"]'),o=l.querySelectorAll('blockquote[data-secret=\"'+t.secret+'\"]'),c=new RegExp(\"^https?:$\",\"i\"),i=0;i<o.length;i++)o[i].style.display=\"none\";for(i=0;i<a.length;i++)s=a[i],e.source===s.contentWindow&&(s.removeAttribute(\"style\"),\"height\"===t.message?(1e3<(r=parseInt(t.value,10))?r=1e3:~~r<200&&(r=200),s.height=r):\"link\"===t.message&&(r=new URL(s.getAttribute(\"src\")),n=new URL(t.value),c.test(n.protocol))&&n.host===r.host&&l.activeElement===s&&(d.top.location.href=t.value))}},d.addEventListener(\"message\",d.wp.receiveEmbedMessage,!1),l.addEventListener(\"DOMContentLoaded\",function(){for(var e,t,s=l.querySelectorAll(\"iframe.wp-embedded-content\"),r=0;r<s.length;r++)(t=(e=s[r]).getAttribute(\"data-secret\"))||(t=Math.random().toString(36).substring(2,12),e.src+=\"#?secret=\"+t,e.setAttribute(\"data-secret\",t)),e.contentWindow.postMessage({message:\"ready\",secret:t},\"*\")},!1)))}(window,document);\n\/\/# sourceURL=https:\/\/noti-america.com\/site\/principal\/wp-includes\/js\/wp-embed.min.js\n<\/script>\n","thumbnail_url":"https:\/\/noti-america.com\/site\/principal\/wp-content\/uploads\/sites\/26\/2024\/03\/Noboa-Justin.jpg","thumbnail_width":1024,"thumbnail_height":683,"description":"REDACCI\u00d3N NOTI-AM\u00c9RICA (ECUADOR) El presidente de la Rep\u00fablica del Ecuador, Daniel Noboa Azin mantuvo esta tarde, 05 de marzo de 2024, el primer encuentro oficial con el Primer Ministro de Canad\u00e1, Justin Trudeau. En&#46;&#46;&#46;"}