{"version":"1.0","provider_name":"Per\u00fa | Noti-America.com","provider_url":"https:\/\/noti-america.com\/site\/peru","author_name":"Geomar Pacheco R.","author_url":"https:\/\/noti-america.com\/site\/peru\/author\/gpacheco\/","title":"D\u00eda del Migrante en Per\u00fa","type":"rich","width":600,"height":338,"html":"<blockquote class=\"wp-embedded-content\" data-secret=\"aTS1CNWpMl\"><a href=\"https:\/\/noti-america.com\/site\/peru\/2021\/12\/18\/dia-del-migrante-en-peru\/\">D\u00eda del Migrante en Per\u00fa<\/a><\/blockquote><iframe sandbox=\"allow-scripts\" security=\"restricted\" src=\"https:\/\/noti-america.com\/site\/peru\/2021\/12\/18\/dia-del-migrante-en-peru\/embed\/#?secret=aTS1CNWpMl\" width=\"600\" height=\"338\" title=\"&#171;D\u00eda del Migrante en Per\u00fa&#187; &#8212; Per\u00fa | Noti-America.com\" data-secret=\"aTS1CNWpMl\" frameborder=\"0\" marginwidth=\"0\" marginheight=\"0\" scrolling=\"no\" class=\"wp-embedded-content\"><\/iframe><script>\n\/*! This file is auto-generated *\/\n!function(d,l){\"use strict\";l.querySelector&&d.addEventListener&&\"undefined\"!=typeof URL&&(d.wp=d.wp||{},d.wp.receiveEmbedMessage||(d.wp.receiveEmbedMessage=function(e){var t=e.data;if((t||t.secret||t.message||t.value)&&!\/[^a-zA-Z0-9]\/.test(t.secret)){for(var s,r,n,a=l.querySelectorAll('iframe[data-secret=\"'+t.secret+'\"]'),o=l.querySelectorAll('blockquote[data-secret=\"'+t.secret+'\"]'),c=new RegExp(\"^https?:$\",\"i\"),i=0;i<o.length;i++)o[i].style.display=\"none\";for(i=0;i<a.length;i++)s=a[i],e.source===s.contentWindow&&(s.removeAttribute(\"style\"),\"height\"===t.message?(1e3<(r=parseInt(t.value,10))?r=1e3:~~r<200&&(r=200),s.height=r):\"link\"===t.message&&(r=new URL(s.getAttribute(\"src\")),n=new URL(t.value),c.test(n.protocol))&&n.host===r.host&&l.activeElement===s&&(d.top.location.href=t.value))}},d.addEventListener(\"message\",d.wp.receiveEmbedMessage,!1),l.addEventListener(\"DOMContentLoaded\",function(){for(var e,t,s=l.querySelectorAll(\"iframe.wp-embedded-content\"),r=0;r<s.length;r++)(t=(e=s[r]).getAttribute(\"data-secret\"))||(t=Math.random().toString(36).substring(2,12),e.src+=\"#?secret=\"+t,e.setAttribute(\"data-secret\",t)),e.contentWindow.postMessage({message:\"ready\",secret:t},\"*\")},!1)))}(window,document);\n\/\/# sourceURL=https:\/\/noti-america.com\/site\/peru\/wp-includes\/js\/wp-embed.min.js\n<\/script>\n","thumbnail_url":"https:\/\/noti-america.com\/site\/peru\/wp-content\/uploads\/sites\/8\/2021\/12\/Venezolanos-18-12-.jpeg","thumbnail_width":980,"thumbnail_height":528,"description":"NOTI-AM\u00c9RICA PER\u00da Por Geomar Pacheco Rivera Este 18 de diciembre se celebra en el mundo el D\u00eda del Migrante, Per\u00fa se ha convertido en el segundo pa\u00eds de la regi\u00f3n con la mayor cantidad&#46;&#46;&#46;"}