{"version":"1.0","provider_name":"Ecuador | Noti-America.com","provider_url":"https:\/\/noti-america.com\/site\/ecuador","author_name":"Gonzalo G\u00f3mez","author_url":"https:\/\/noti-america.com\/site\/ecuador\/author\/ggomez\/","title":"Reformando la Funci\u00f3n Legislativa","type":"rich","width":600,"height":338,"html":"<blockquote class=\"wp-embedded-content\" data-secret=\"uJ92MDpwTZ\"><a href=\"https:\/\/noti-america.com\/site\/ecuador\/2020\/10\/07\/reformando-la-funcion-legislativa\/\">Reformando la Funci\u00f3n Legislativa<\/a><\/blockquote><iframe sandbox=\"allow-scripts\" security=\"restricted\" src=\"https:\/\/noti-america.com\/site\/ecuador\/2020\/10\/07\/reformando-la-funcion-legislativa\/embed\/#?secret=uJ92MDpwTZ\" width=\"600\" height=\"338\" title=\"&#171;Reformando la Funci\u00f3n Legislativa&#187; &#8212; Ecuador | Noti-America.com\" data-secret=\"uJ92MDpwTZ\" frameborder=\"0\" marginwidth=\"0\" marginheight=\"0\" scrolling=\"no\" class=\"wp-embedded-content\"><\/iframe><script>\n\/*! This file is auto-generated *\/\n!function(d,l){\"use strict\";l.querySelector&&d.addEventListener&&\"undefined\"!=typeof URL&&(d.wp=d.wp||{},d.wp.receiveEmbedMessage||(d.wp.receiveEmbedMessage=function(e){var t=e.data;if((t||t.secret||t.message||t.value)&&!\/[^a-zA-Z0-9]\/.test(t.secret)){for(var s,r,n,a=l.querySelectorAll('iframe[data-secret=\"'+t.secret+'\"]'),o=l.querySelectorAll('blockquote[data-secret=\"'+t.secret+'\"]'),c=new RegExp(\"^https?:$\",\"i\"),i=0;i<o.length;i++)o[i].style.display=\"none\";for(i=0;i<a.length;i++)s=a[i],e.source===s.contentWindow&&(s.removeAttribute(\"style\"),\"height\"===t.message?(1e3<(r=parseInt(t.value,10))?r=1e3:~~r<200&&(r=200),s.height=r):\"link\"===t.message&&(r=new URL(s.getAttribute(\"src\")),n=new URL(t.value),c.test(n.protocol))&&n.host===r.host&&l.activeElement===s&&(d.top.location.href=t.value))}},d.addEventListener(\"message\",d.wp.receiveEmbedMessage,!1),l.addEventListener(\"DOMContentLoaded\",function(){for(var e,t,s=l.querySelectorAll(\"iframe.wp-embedded-content\"),r=0;r<s.length;r++)(t=(e=s[r]).getAttribute(\"data-secret\"))||(t=Math.random().toString(36).substring(2,12),e.src+=\"#?secret=\"+t,e.setAttribute(\"data-secret\",t)),e.contentWindow.postMessage({message:\"ready\",secret:t},\"*\")},!1)))}(window,document);\n\/\/# sourceURL=https:\/\/noti-america.com\/site\/ecuador\/wp-includes\/js\/wp-embed.min.js\n<\/script>\n","thumbnail_url":"https:\/\/noti-america.com\/site\/ecuador\/wp-content\/uploads\/sites\/18\/2020\/05\/Foto-Ing.-Gonzalo-G\u00f3mez-rotated.jpg","thumbnail_width":812,"thumbnail_height":1035,"description":"REDACCI\u00d3N NOTI AM\u00c9RICA (ECUADOR) La asamblea est\u00e1 trabajando, aunque parezca mentira, en una reforma estructural de la funci\u00f3n legislativa, lo que estar\u00eda muy bien si la causa del problema fuese su conformaci\u00f3n, pero en&#46;&#46;&#46;"}